{"id":14660,"date":"2020-03-20T21:44:57","date_gmt":"2020-03-20T20:44:57","guid":{"rendered":"https:\/\/vibrant-williamson.146-59-155-173.plesk.page\/property\/appartement-75015-129\/"},"modified":"2021-09-29T12:11:46","modified_gmt":"2021-09-29T10:11:46","slug":"appartement-75015-129","status":"publish","type":"property","link":"https:\/\/miyakoparis.com\/en\/property\/appartement-75015-129\/","title":{"rendered":"Appartement 75015"},"content":{"rendered":"<p class=\"cnt_desc\" style=\"text-align: center;\"><strong>Exclusivit\u00e9 &#8211; Paris XVe <\/strong>&#8211; Appartement d&#8217;angle<strong> refait enti\u00e8rement \u00e0 neuf par un architecte<\/strong>\u00a0b\u00e9n\u00e9ficiant d\u2019une\u00a0<strong>vue panoramique sur Paris ainsi que les Invalides\u00a0<\/strong>se compose d\u2019une entr\u00e9e avec rangements, s\u00e9jour, salle \u00e0 manger, <strong>cuisine am\u00e9ricaine baign\u00e9e de lumi\u00e8re<\/strong>,\u00a0<strong>2\u00a0chambres<\/strong>, 1 salle de bains avec <strong>douche \u00e0 l\u2019italienne<\/strong>, WC s\u00e9par\u00e9s. <strong>Ravalement fa\u00e7ade pay\u00e9 et achev\u00e9.<\/strong><\/p>\n<p style=\"text-align: center;\">A deux pas du\u00a0<strong>Centre Beaugrenelle.<\/strong><\/p>\n<p style=\"text-align: center;\">Chauffage et eau chaude collectifs.<\/p>\n<p style=\"text-align: center;\"><strong>Services \u2192<\/strong> 4 Ascenseurs. Gardien 24H\/24H. Interphone. 1 Cave. Parking en concession en SUS.<\/p>\n<p style=\"text-align: center;\"><strong>Bon \u00e0 savoir ?<\/strong><\/p>\n<p class=\"cnt_desc\" style=\"text-align: center;\">Hauteur du toit \u2192 98 m<br \/>\n\u00c9tages \u2192 32<br \/>\nBruit \u2192\u00a0 Sol en B\u00e9ton formant une protection acoustique indispensable contre les bruits<\/p>\n<p style=\"text-align: center;\"><strong>Proximit\u00e9<\/strong>\u00a0: Charles Michels (Ligne 10)<\/p>\n<p style=\"text-align: center;\">Charges pr\u00e9visionnelles courante : 430\u20ac\/mensuelles<br \/>\nDans copropri\u00e9t\u00e9 de : 200 lots<br \/>\nTaxe fonci\u00e8re : 1 500\u20ac<br \/>\nDPE : E-E<\/p>\n","protected":false},"excerpt":{"rendered":"<p>Exclusivit\u00e9 &#8211; Paris XVe &#8211; Appartement d&#8217;angle refait enti\u00e8rement \u00e0 neuf par un architecte\u00a0b\u00e9n\u00e9ficiant d\u2019une\u00a0vue panoramique sur Paris ainsi que les Invalides\u00a0se compose d\u2019une entr\u00e9e avec rangements, s\u00e9jour, salle \u00e0 manger, cuisine am\u00e9ricaine baign\u00e9e de lumi\u00e8re,\u00a02\u00a0chambres, 1 salle de bains avec douche \u00e0 l\u2019italienne, WC s\u00e9par\u00e9s. Ravalement fa\u00e7ade pay\u00e9 et achev\u00e9. A deux pas du\u00a0Centre [&hellip;]<\/p>\n","protected":false},"author":2,"featured_media":14701,"parent":0,"menu_order":0,"template":"","property_type":[225],"property_status":[],"property_feature":[247,235,284,392,258,255,263,238,269,241,287,276],"property_label":[],"property_city":[218],"class_list":["post-14660","property","type-property","status-publish","has-post-thumbnail","hentry","property_type-apartment","property_feature-american-kitchen","property_feature-elevators","property_feature-heating-type-collective","property_feature-in-a-perfect-state","property_feature-intercom","property_feature-key-pad","property_feature-parking-en","property_feature-quiet","property_feature-reception-24h-24h-en","property_feature-room-2","property_feature-usage-residential","property_feature-view-open-view","property_city-paris-15e-en"],"property_meta":{"_vc_post_settings":["a:1:{s:10:\"vc_grid_id\";a:0:{}}"],"_alp_processed":["1605285602"],"_icl_lang_duplicate_of":["14620"],"_yoast_wpseo_primary_property_area":[""],"_yoast_wpseo_primary_property_state":[""],"_wpml_location_migration_done":["1"],"_wp_page_template":["default"],"_wpml_media_duplicate":["1"],"_wpml_media_featured":["1"],"_yoast_wpseo_content_score":["90"],"fave_property_price":["935000"],"fave_property_size":["84"],"fave_property_bedrooms":["2"],"fave_property_id":["805"],"fave_property_map":["0"],"fave_property_location":["25.68654,-80.431345,15"],"fave_property_map_street_view":["hide"],"fave_property_country":["FR"],"fave_featured":["0"],"fave_agent_display_option":["agent_info"],"fave_agents":["4272"],"fave_prop_homeslider":["no"],"fave_multiunit_plans_enable":["disable"],"fave_floor_plans_enable":["enable"],"fave_single_top_area":["global"],"fave_single_content_area":["global"],"fave_additional_features_enable":["disable"],"houzez_geolocation_lat":["25.68654"],"houzez_geolocation_long":["-80.431345"],"_yoast_wpseo_primary_property_type":["14"],"_yoast_wpseo_primary_property_feature":["118"],"_yoast_wpseo_primary_property_status":["111"],"_yoast_wpseo_primary_property_city":["140"],"_yoast_wpseo_primary_property_label":[""],"houzez_manual_expire":["0"],"_houzez_expiration_date_status":["saved"],"houzez_total_property_views":["1991"],"houzez_views_by_date":["a:61:{s:10:\"01-03-2026\";i:1;s:10:\"01-04-2026\";i:2;s:10:\"01-05-2026\";i:2;s:10:\"01-06-2026\";i:2;s:10:\"01-07-2026\";i:1;s:10:\"01-08-2026\";i:2;s:10:\"01-10-2026\";i:1;s:10:\"01-11-2026\";i:2;s:10:\"01-12-2026\";i:1;s:10:\"01-14-2026\";i:3;s:10:\"01-17-2026\";i:2;s:10:\"01-19-2026\";i:1;s:10:\"01-21-2026\";i:2;s:10:\"01-22-2026\";i:1;s:10:\"01-23-2026\";i:1;s:10:\"01-25-2026\";i:1;s:10:\"01-27-2026\";i:1;s:10:\"01-28-2026\";i:2;s:10:\"01-29-2026\";i:4;s:10:\"01-30-2026\";i:2;s:10:\"02-02-2026\";i:1;s:10:\"02-03-2026\";i:1;s:10:\"02-05-2026\";i:1;s:10:\"02-06-2026\";i:1;s:10:\"02-07-2026\";i:2;s:10:\"02-08-2026\";i:1;s:10:\"02-09-2026\";i:1;s:10:\"02-10-2026\";i:1;s:10:\"02-11-2026\";i:1;s:10:\"02-16-2026\";i:1;s:10:\"02-17-2026\";i:1;s:10:\"02-21-2026\";i:1;s:10:\"02-23-2026\";i:1;s:10:\"02-26-2026\";i:1;s:10:\"02-28-2026\";i:1;s:10:\"03-01-2026\";i:1;s:10:\"03-03-2026\";i:1;s:10:\"03-05-2026\";i:1;s:10:\"03-09-2026\";i:2;s:10:\"03-10-2026\";i:1;s:10:\"03-11-2026\";i:1;s:10:\"03-14-2026\";i:2;s:10:\"03-17-2026\";i:1;s:10:\"03-19-2026\";i:1;s:10:\"03-20-2026\";i:1;s:10:\"03-23-2026\";i:1;s:10:\"03-24-2026\";i:1;s:10:\"03-30-2026\";i:1;s:10:\"03-31-2026\";i:1;s:10:\"04-01-2026\";i:4;s:10:\"04-02-2026\";i:6;s:10:\"04-03-2026\";i:1;s:10:\"04-04-2026\";i:2;s:10:\"04-06-2026\";i:1;s:10:\"04-07-2026\";i:2;s:10:\"04-08-2026\";i:2;s:10:\"04-10-2026\";i:1;s:10:\"04-14-2026\";i:2;s:10:\"04-15-2026\";i:1;s:10:\"04-19-2026\";i:2;s:10:\"04-26-2026\";i:1;}"],"houzez_recently_viewed":["2026-04-26 18:12:45"],"floor_plans":["a:1:{i:0;a:6:{s:15:\"fave_plan_title\";s:7:\"Croquis\";s:15:\"fave_plan_rooms\";s:1:\"3\";s:19:\"fave_plan_bathrooms\";s:1:\"1\";s:15:\"fave_plan_price\";s:6:\"835000\";s:14:\"fave_plan_size\";s:2:\"83\";s:15:\"fave_plan_image\";s:96:\"https:\/\/vibrant-williamson.146-59-155-173.plesk.page\/wp-content\/uploads\/2019\/09\/RIVEGAUCHE3P.png\";}}"],"the_grid_item_custom_link_target":["_self"],"the_grid_item_col":["1"],"the_grid_item_row":["1"],"the_grid_item_content_color":["dark"],"the_grid_item_overlay_color":["light"],"the_grid_item_video_ratio":["4:3"],"the_grid_item_youtube_ratio":["4:3"],"the_grid_item_vimeo_ratio":["4:3"],"the_grid_item_wistia_ratio":["4:3"],"fave_property_images":["14680","14701","14692","14698","14695","14689","14629","14647","14625","14644","14683","14686","14641","14653","14677"],"theplus_transient_widgets":["a:1:{i:0;s:14:\"tp-mobile-menu\";}"],"rs_page_bg_color":[""],"_yoast_wpseo_estimated-reading-time-minutes":["1"],"fave_property_rooms":["3"],"fave_property_bathrooms":["1"],"_wpml_media_has_media":["1"],"fave_property_agency":["-1"],"_wpml_word_count":["{\"total\":146,\"to_translate\":{\"en\":146,\"ja\":146}}"],"_thumbnail_id":["14701"],"tp_widgets":["a:2:{s:7:\"widgets\";a:1:{i:0;s:14:\"tp-mobile-menu\";}s:9:\"update_at\";s:10:\"1776975949\";}"],"_elementor_page_assets":["a:0:{}"],"_elementor_css":["a:1:{s:4:\"time\";i:1777219966;}"]},"yoast_head":"<!-- This site is optimized with the Yoast SEO plugin v27.4 - https:\/\/yoast.com\/product\/yoast-seo-wordpress\/ -->\n<title>Appartement 75015 - MiyakoParis<\/title>\n<meta name=\"robots\" content=\"index, follow, max-snippet:-1, max-image-preview:large, max-video-preview:-1\" \/>\n<link rel=\"canonical\" href=\"https:\/\/miyakoparis.com\/en\/property\/appartement-75015-129\/\" \/>\n<meta property=\"og:locale\" content=\"en_US\" \/>\n<meta property=\"og:type\" content=\"article\" \/>\n<meta property=\"og:title\" content=\"Appartement 75015 - MiyakoParis\" \/>\n<meta property=\"og:description\" content=\"Exclusivit\u00e9 &#8211; Paris XVe &#8211; Appartement d&#8217;angle refait enti\u00e8rement \u00e0 neuf par un architecte\u00a0b\u00e9n\u00e9ficiant d\u2019une\u00a0vue panoramique sur Paris ainsi que les Invalides\u00a0se compose d\u2019une entr\u00e9e avec rangements, s\u00e9jour, salle \u00e0 manger, cuisine am\u00e9ricaine baign\u00e9e de lumi\u00e8re,\u00a02\u00a0chambres, 1 salle de bains avec douche \u00e0 l\u2019italienne, WC s\u00e9par\u00e9s. Ravalement fa\u00e7ade pay\u00e9 et achev\u00e9. A deux pas du\u00a0Centre [&hellip;]\" \/>\n<meta property=\"og:url\" content=\"https:\/\/miyakoparis.com\/en\/property\/appartement-75015-129\/\" \/>\n<meta property=\"og:site_name\" content=\"MiyakoParis\" \/>\n<meta property=\"article:publisher\" content=\"https:\/\/www.facebook.com\/search\/top?q=miyakoparis\" \/>\n<meta property=\"article:modified_time\" content=\"2021-09-29T10:11:46+00:00\" \/>\n<meta property=\"og:image\" content=\"https:\/\/miyakoparis.com\/wp-content\/uploads\/2019\/04\/9-1.jpg\" \/>\n\t<meta property=\"og:image:width\" content=\"2048\" \/>\n\t<meta property=\"og:image:height\" content=\"1365\" \/>\n\t<meta property=\"og:image:type\" content=\"image\/jpeg\" \/>\n<meta name=\"twitter:card\" content=\"summary_large_image\" \/>\n<meta name=\"twitter:label1\" content=\"Est. reading time\" \/>\n\t<meta name=\"twitter:data1\" content=\"1 minute\" \/>\n<script type=\"application\/ld+json\" class=\"yoast-schema-graph\">{\"@context\":\"https:\\\/\\\/schema.org\",\"@graph\":[{\"@type\":\"WebPage\",\"@id\":\"https:\\\/\\\/miyakoparis.com\\\/en\\\/property\\\/appartement-75015-129\\\/\",\"url\":\"https:\\\/\\\/miyakoparis.com\\\/en\\\/property\\\/appartement-75015-129\\\/\",\"name\":\"Appartement 75015 - MiyakoParis\",\"isPartOf\":{\"@id\":\"https:\\\/\\\/miyakoparis.com\\\/en\\\/#website\"},\"primaryImageOfPage\":{\"@id\":\"https:\\\/\\\/miyakoparis.com\\\/en\\\/property\\\/appartement-75015-129\\\/#primaryimage\"},\"image\":{\"@id\":\"https:\\\/\\\/miyakoparis.com\\\/en\\\/property\\\/appartement-75015-129\\\/#primaryimage\"},\"thumbnailUrl\":\"https:\\\/\\\/miyakoparis.com\\\/wp-content\\\/uploads\\\/2019\\\/04\\\/9-1.jpg\",\"datePublished\":\"2020-03-20T20:44:57+00:00\",\"dateModified\":\"2021-09-29T10:11:46+00:00\",\"breadcrumb\":{\"@id\":\"https:\\\/\\\/miyakoparis.com\\\/en\\\/property\\\/appartement-75015-129\\\/#breadcrumb\"},\"inLanguage\":\"en-US\",\"potentialAction\":[{\"@type\":\"ReadAction\",\"target\":[\"https:\\\/\\\/miyakoparis.com\\\/en\\\/property\\\/appartement-75015-129\\\/\"]}]},{\"@type\":\"ImageObject\",\"inLanguage\":\"en-US\",\"@id\":\"https:\\\/\\\/miyakoparis.com\\\/en\\\/property\\\/appartement-75015-129\\\/#primaryimage\",\"url\":\"https:\\\/\\\/miyakoparis.com\\\/wp-content\\\/uploads\\\/2019\\\/04\\\/9-1.jpg\",\"contentUrl\":\"https:\\\/\\\/miyakoparis.com\\\/wp-content\\\/uploads\\\/2019\\\/04\\\/9-1.jpg\",\"width\":2048,\"height\":1365},{\"@type\":\"BreadcrumbList\",\"@id\":\"https:\\\/\\\/miyakoparis.com\\\/en\\\/property\\\/appartement-75015-129\\\/#breadcrumb\",\"itemListElement\":[{\"@type\":\"ListItem\",\"position\":1,\"name\":\"Accueil\",\"item\":\"https:\\\/\\\/miyakoparis.com\\\/en\\\/\"},{\"@type\":\"ListItem\",\"position\":2,\"name\":\"Properties\",\"item\":\"https:\\\/\\\/miyakoparis.com\\\/en\\\/property\\\/\"},{\"@type\":\"ListItem\",\"position\":3,\"name\":\"Appartement 75015\"}]},{\"@type\":\"WebSite\",\"@id\":\"https:\\\/\\\/miyakoparis.com\\\/en\\\/#website\",\"url\":\"https:\\\/\\\/miyakoparis.com\\\/en\\\/\",\"name\":\"MiyakoParis\",\"description\":\"MiyakoParis - Agence immobili\u00e8re internationale - Paris\",\"publisher\":{\"@id\":\"https:\\\/\\\/miyakoparis.com\\\/en\\\/#organization\"},\"potentialAction\":[{\"@type\":\"SearchAction\",\"target\":{\"@type\":\"EntryPoint\",\"urlTemplate\":\"https:\\\/\\\/miyakoparis.com\\\/en\\\/?s={search_term_string}\"},\"query-input\":{\"@type\":\"PropertyValueSpecification\",\"valueRequired\":true,\"valueName\":\"search_term_string\"}}],\"inLanguage\":\"en-US\"},{\"@type\":\"Organization\",\"@id\":\"https:\\\/\\\/miyakoparis.com\\\/en\\\/#organization\",\"name\":\"MiyakoParis\",\"url\":\"https:\\\/\\\/miyakoparis.com\\\/en\\\/\",\"logo\":{\"@type\":\"ImageObject\",\"inLanguage\":\"en-US\",\"@id\":\"https:\\\/\\\/miyakoparis.com\\\/en\\\/#\\\/schema\\\/logo\\\/image\\\/\",\"url\":\"https:\\\/\\\/vibrant-williamson.146-59-155-173.plesk.page\\\/wp-content\\\/uploads\\\/2017\\\/05\\\/logo-miyako.png\",\"contentUrl\":\"https:\\\/\\\/vibrant-williamson.146-59-155-173.plesk.page\\\/wp-content\\\/uploads\\\/2017\\\/05\\\/logo-miyako.png\",\"width\":395,\"height\":79,\"caption\":\"MiyakoParis\"},\"image\":{\"@id\":\"https:\\\/\\\/miyakoparis.com\\\/en\\\/#\\\/schema\\\/logo\\\/image\\\/\"},\"sameAs\":[\"https:\\\/\\\/www.facebook.com\\\/search\\\/top?q=miyakoparis\",\"https:\\\/\\\/www.instagram.com\\\/miyako_paris\\\/?hl=fr\"]}]}<\/script>\n<!-- \/ Yoast SEO plugin. -->","yoast_head_json":{"title":"Appartement 75015 - MiyakoParis","robots":{"index":"index","follow":"follow","max-snippet":"max-snippet:-1","max-image-preview":"max-image-preview:large","max-video-preview":"max-video-preview:-1"},"canonical":"https:\/\/miyakoparis.com\/en\/property\/appartement-75015-129\/","og_locale":"en_US","og_type":"article","og_title":"Appartement 75015 - MiyakoParis","og_description":"Exclusivit\u00e9 &#8211; Paris XVe &#8211; Appartement d&#8217;angle refait enti\u00e8rement \u00e0 neuf par un architecte\u00a0b\u00e9n\u00e9ficiant d\u2019une\u00a0vue panoramique sur Paris ainsi que les Invalides\u00a0se compose d\u2019une entr\u00e9e avec rangements, s\u00e9jour, salle \u00e0 manger, cuisine am\u00e9ricaine baign\u00e9e de lumi\u00e8re,\u00a02\u00a0chambres, 1 salle de bains avec douche \u00e0 l\u2019italienne, WC s\u00e9par\u00e9s. Ravalement fa\u00e7ade pay\u00e9 et achev\u00e9. A deux pas du\u00a0Centre [&hellip;]","og_url":"https:\/\/miyakoparis.com\/en\/property\/appartement-75015-129\/","og_site_name":"MiyakoParis","article_publisher":"https:\/\/www.facebook.com\/search\/top?q=miyakoparis","article_modified_time":"2021-09-29T10:11:46+00:00","og_image":[{"width":2048,"height":1365,"url":"https:\/\/miyakoparis.com\/wp-content\/uploads\/2019\/04\/9-1.jpg","type":"image\/jpeg"}],"twitter_card":"summary_large_image","twitter_misc":{"Est. reading time":"1 minute"},"schema":{"@context":"https:\/\/schema.org","@graph":[{"@type":"WebPage","@id":"https:\/\/miyakoparis.com\/en\/property\/appartement-75015-129\/","url":"https:\/\/miyakoparis.com\/en\/property\/appartement-75015-129\/","name":"Appartement 75015 - MiyakoParis","isPartOf":{"@id":"https:\/\/miyakoparis.com\/en\/#website"},"primaryImageOfPage":{"@id":"https:\/\/miyakoparis.com\/en\/property\/appartement-75015-129\/#primaryimage"},"image":{"@id":"https:\/\/miyakoparis.com\/en\/property\/appartement-75015-129\/#primaryimage"},"thumbnailUrl":"https:\/\/miyakoparis.com\/wp-content\/uploads\/2019\/04\/9-1.jpg","datePublished":"2020-03-20T20:44:57+00:00","dateModified":"2021-09-29T10:11:46+00:00","breadcrumb":{"@id":"https:\/\/miyakoparis.com\/en\/property\/appartement-75015-129\/#breadcrumb"},"inLanguage":"en-US","potentialAction":[{"@type":"ReadAction","target":["https:\/\/miyakoparis.com\/en\/property\/appartement-75015-129\/"]}]},{"@type":"ImageObject","inLanguage":"en-US","@id":"https:\/\/miyakoparis.com\/en\/property\/appartement-75015-129\/#primaryimage","url":"https:\/\/miyakoparis.com\/wp-content\/uploads\/2019\/04\/9-1.jpg","contentUrl":"https:\/\/miyakoparis.com\/wp-content\/uploads\/2019\/04\/9-1.jpg","width":2048,"height":1365},{"@type":"BreadcrumbList","@id":"https:\/\/miyakoparis.com\/en\/property\/appartement-75015-129\/#breadcrumb","itemListElement":[{"@type":"ListItem","position":1,"name":"Accueil","item":"https:\/\/miyakoparis.com\/en\/"},{"@type":"ListItem","position":2,"name":"Properties","item":"https:\/\/miyakoparis.com\/en\/property\/"},{"@type":"ListItem","position":3,"name":"Appartement 75015"}]},{"@type":"WebSite","@id":"https:\/\/miyakoparis.com\/en\/#website","url":"https:\/\/miyakoparis.com\/en\/","name":"MiyakoParis","description":"MiyakoParis - Agence immobili\u00e8re internationale - Paris","publisher":{"@id":"https:\/\/miyakoparis.com\/en\/#organization"},"potentialAction":[{"@type":"SearchAction","target":{"@type":"EntryPoint","urlTemplate":"https:\/\/miyakoparis.com\/en\/?s={search_term_string}"},"query-input":{"@type":"PropertyValueSpecification","valueRequired":true,"valueName":"search_term_string"}}],"inLanguage":"en-US"},{"@type":"Organization","@id":"https:\/\/miyakoparis.com\/en\/#organization","name":"MiyakoParis","url":"https:\/\/miyakoparis.com\/en\/","logo":{"@type":"ImageObject","inLanguage":"en-US","@id":"https:\/\/miyakoparis.com\/en\/#\/schema\/logo\/image\/","url":"https:\/\/vibrant-williamson.146-59-155-173.plesk.page\/wp-content\/uploads\/2017\/05\/logo-miyako.png","contentUrl":"https:\/\/vibrant-williamson.146-59-155-173.plesk.page\/wp-content\/uploads\/2017\/05\/logo-miyako.png","width":395,"height":79,"caption":"MiyakoParis"},"image":{"@id":"https:\/\/miyakoparis.com\/en\/#\/schema\/logo\/image\/"},"sameAs":["https:\/\/www.facebook.com\/search\/top?q=miyakoparis","https:\/\/www.instagram.com\/miyako_paris\/?hl=fr"]}]}},"_links":{"self":[{"href":"https:\/\/miyakoparis.com\/en\/wp-json\/wp\/v2\/properties\/14660","targetHints":{"allow":["GET"]}}],"collection":[{"href":"https:\/\/miyakoparis.com\/en\/wp-json\/wp\/v2\/properties"}],"about":[{"href":"https:\/\/miyakoparis.com\/en\/wp-json\/wp\/v2\/types\/property"}],"author":[{"embeddable":true,"href":"https:\/\/miyakoparis.com\/en\/wp-json\/wp\/v2\/users\/2"}],"version-history":[{"count":0,"href":"https:\/\/miyakoparis.com\/en\/wp-json\/wp\/v2\/properties\/14660\/revisions"}],"wp:featuredmedia":[{"embeddable":true,"href":"https:\/\/miyakoparis.com\/en\/wp-json\/wp\/v2\/media\/14701"}],"wp:attachment":[{"href":"https:\/\/miyakoparis.com\/en\/wp-json\/wp\/v2\/media?parent=14660"}],"wp:term":[{"taxonomy":"property_type","embeddable":true,"href":"https:\/\/miyakoparis.com\/en\/wp-json\/wp\/v2\/property_type?post=14660"},{"taxonomy":"property_status","embeddable":true,"href":"https:\/\/miyakoparis.com\/en\/wp-json\/wp\/v2\/property_status?post=14660"},{"taxonomy":"property_feature","embeddable":true,"href":"https:\/\/miyakoparis.com\/en\/wp-json\/wp\/v2\/property_feature?post=14660"},{"taxonomy":"property_label","embeddable":true,"href":"https:\/\/miyakoparis.com\/en\/wp-json\/wp\/v2\/property_label?post=14660"},{"taxonomy":"property_city","embeddable":true,"href":"https:\/\/miyakoparis.com\/en\/wp-json\/wp\/v2\/property_city?post=14660"}],"curies":[{"name":"wp","href":"https:\/\/api.w.org\/{rel}","templated":true}]}}