{"id":18095,"date":"2020-09-09T19:23:06","date_gmt":"2020-09-09T17:23:06","guid":{"rendered":"https:\/\/vibrant-williamson.146-59-155-173.plesk.page\/property\/appartement-75015-171\/"},"modified":"2022-09-26T14:46:06","modified_gmt":"2022-09-26T12:46:06","slug":"appartement-75015-171","status":"publish","type":"property","link":"https:\/\/miyakoparis.com\/en\/property\/appartement-75015-171\/","title":{"rendered":"Appartement 75015"},"content":{"rendered":"<p style=\"text-align: center;\"><strong>MIYAKOPARIS, L&#8217;Agence du Front de Seine !\u00a0COUP DE COEUR \u2013 Paris XVe<\/strong>\u00a0\u2013 Front de Seine. Dans un immeuble de bon standing et haute surveillance,\u00a0<strong>\u00e9tage tr\u00e8s \u00e9lev\u00e9<\/strong>. Appartement d\u2019angle<strong> refait par un architecte<\/strong> offrant une<strong>\u00a0vue \u00e0 180 degr\u00e9s<\/strong>\u00a0sur\u00a0<b>la Seine \/ la Tour Eiffel<\/b>\u00a0se compose : entr\u00e9e, s\u00e9jour,<strong> cuisine am\u00e9ricaine<\/strong>\u00a0enti\u00e8rement \u00e9quip\u00e9e Miele,<strong> 2 chambres avec chacune sa salle d&#8217;eau et toilette. <\/strong>WC s\u00e9par\u00e9s.\u00a0Belles prestations. <strong>Rare. Plan sur demande.<\/strong><\/p>\n<p style=\"text-align: center;\">A deux pas du\u00a0<strong>Centre Beaugrenelle.<\/strong><\/p>\n<p style=\"text-align: center;\">Chauffage et eau chaude collectifs.<\/p>\n<p style=\"text-align: center;\"><strong>Services :<\/strong>\u00a0Interphone<strong>.<\/strong>\u00a04 Ascenseurs. Gardien 24H\/24H. Interphone. 1 Cave. Parking en concession.<\/p>\n<p style=\"text-align: center;\"><strong>Bon \u00e0 savoir?<\/strong><\/p>\n<p style=\"text-align: center;\">Architecte \u2192 Henri Pottier et Michel Proux<br \/>\nIng\u00e9nieur \u2192 SACI et UF<br \/>\nConstruction \u2192 1974<br \/>\nBruit \u2192 Sol en B\u00e9ton formant une protection acoustique indispensable contre les bruits<\/p>\n<p style=\"text-align: center;\"><strong>Proximit\u00e9 :<\/strong> Charles Michels (Ligne 10) \/ Bir-Hakeim (Ligne 6)<\/p>\n<p style=\"text-align: center;\">Charges pr\u00e9visionnelles courante: 780\u20ac\/mensuelles<br \/>\nSyndicat des copropri\u00e9taires : Pas de proc\u00e9dure en cours<br \/>\nDans copropri\u00e9t\u00e9 de : 200 lots<br \/>\nTaxe fonci\u00e8re : NC<br \/>\nDPE : D-E<\/p>\n<p style=\"text-align: center;\">\u2022 Honoraires charge acqu\u00e9reur: 3 % TTC<br \/>\n\u2022 Prix hors honoraires: 1 602 000\u20ac<\/p>\n","protected":false},"excerpt":{"rendered":"<p>MIYAKOPARIS, L&#8217;Agence du Front de Seine !\u00a0COUP DE COEUR \u2013 Paris XVe\u00a0\u2013 Front de Seine. Dans un immeuble de bon standing et haute surveillance,\u00a0\u00e9tage tr\u00e8s \u00e9lev\u00e9. Appartement d\u2019angle refait par un architecte offrant une\u00a0vue \u00e0 180 degr\u00e9s\u00a0sur\u00a0la Seine \/ la Tour Eiffel\u00a0se compose : entr\u00e9e, s\u00e9jour, cuisine am\u00e9ricaine\u00a0enti\u00e8rement \u00e9quip\u00e9e Miele, 2 chambres avec chacune sa [&hellip;]<\/p>\n","protected":false},"author":2,"featured_media":18064,"parent":0,"menu_order":0,"template":"","property_type":[225],"property_status":[232],"property_feature":[247,239,235,376,284,392,258,238,269,241,287,273],"property_label":[563],"property_city":[218],"class_list":["post-18095","property","type-property","status-publish","has-post-thumbnail","hentry","property_type-apartment","property_status-to-sell","property_feature-american-kitchen","property_feature-cellar","property_feature-elevators","property_feature-entrance","property_feature-heating-type-collective","property_feature-in-a-perfect-state","property_feature-intercom","property_feature-quiet","property_feature-reception-24h-24h-en","property_feature-room-2","property_feature-usage-residential","property_feature-view-eiffel-tower-paris","property_label-non-disponible-en","property_city-paris-15e-en"],"property_meta":{"_vc_post_settings":["a:1:{s:10:\"vc_grid_id\";a:0:{}}"],"_alp_processed":["1619463824"],"_icl_lang_duplicate_of":["18036"],"_wpml_location_migration_done":["1"],"_yoast_wpseo_primary_property_area":[""],"_yoast_wpseo_primary_property_state":[""],"_wp_page_template":["default"],"_wpml_media_duplicate":["1"],"_wpml_media_featured":["1"],"the_grid_item_custom_link_target":["_self"],"the_grid_item_col":["1"],"the_grid_item_row":["1"],"the_grid_item_content_color":["dark"],"the_grid_item_overlay_color":["light"],"the_grid_item_video_ratio":["4:3"],"the_grid_item_youtube_ratio":["4:3"],"the_grid_item_vimeo_ratio":["4:3"],"the_grid_item_wistia_ratio":["4:3"],"_yoast_wpseo_content_score":["90"],"fave_property_price":["1690000"],"fave_property_size":["104"],"fave_property_bedrooms":["2"],"fave_property_map":["0"],"fave_property_location":["25.68654,-80.431345,15"],"fave_property_map_street_view":["hide"],"fave_property_country":["FR"],"fave_featured":["1"],"fave_agent_display_option":["agent_info"],"fave_agents":["4272"],"fave_prop_homeslider":["no"],"fave_multiunit_plans_enable":["disable"],"fave_floor_plans_enable":["disable"],"fave_single_top_area":["global"],"fave_single_content_area":["global"],"fave_additional_features_enable":["disable"],"houzez_geolocation_lat":["25.68654"],"houzez_geolocation_long":["-80.431345"],"_yoast_wpseo_primary_property_type":["14"],"_yoast_wpseo_primary_property_feature":["118"],"_yoast_wpseo_primary_property_status":["35"],"_yoast_wpseo_primary_property_city":["140"],"_yoast_wpseo_primary_property_label":["561"],"houzez_manual_expire":["0"],"_houzez_expiration_date_status":["saved"],"houzez_total_property_views":["2680"],"houzez_views_by_date":["a:61:{s:10:\"01-06-2026\";i:2;s:10:\"01-07-2026\";i:3;s:10:\"01-08-2026\";i:1;s:10:\"01-10-2026\";i:3;s:10:\"01-13-2026\";i:2;s:10:\"01-14-2026\";i:3;s:10:\"01-15-2026\";i:1;s:10:\"01-17-2026\";i:2;s:10:\"01-20-2026\";i:3;s:10:\"01-22-2026\";i:3;s:10:\"01-23-2026\";i:2;s:10:\"01-26-2026\";i:1;s:10:\"01-27-2026\";i:2;s:10:\"01-28-2026\";i:1;s:10:\"01-29-2026\";i:1;s:10:\"01-30-2026\";i:1;s:10:\"02-01-2026\";i:1;s:10:\"02-02-2026\";i:2;s:10:\"02-03-2026\";i:1;s:10:\"02-06-2026\";i:2;s:10:\"02-08-2026\";i:2;s:10:\"02-09-2026\";i:1;s:10:\"02-11-2026\";i:1;s:10:\"02-12-2026\";i:2;s:10:\"02-13-2026\";i:2;s:10:\"02-14-2026\";i:1;s:10:\"02-17-2026\";i:2;s:10:\"02-18-2026\";i:1;s:10:\"02-20-2026\";i:1;s:10:\"02-21-2026\";i:1;s:10:\"02-22-2026\";i:2;s:10:\"02-25-2026\";i:1;s:10:\"02-27-2026\";i:1;s:10:\"03-01-2026\";i:1;s:10:\"03-02-2026\";i:1;s:10:\"03-03-2026\";i:1;s:10:\"03-05-2026\";i:1;s:10:\"03-08-2026\";i:1;s:10:\"03-09-2026\";i:1;s:10:\"03-12-2026\";i:2;s:10:\"03-13-2026\";i:1;s:10:\"03-16-2026\";i:1;s:10:\"03-17-2026\";i:1;s:10:\"03-20-2026\";i:3;s:10:\"03-22-2026\";i:2;s:10:\"03-23-2026\";i:2;s:10:\"03-28-2026\";i:2;s:10:\"03-29-2026\";i:3;s:10:\"03-30-2026\";i:2;s:10:\"03-31-2026\";i:1;s:10:\"04-02-2026\";i:2;s:10:\"04-04-2026\";i:1;s:10:\"04-07-2026\";i:1;s:10:\"04-10-2026\";i:1;s:10:\"04-14-2026\";i:2;s:10:\"04-15-2026\";i:3;s:10:\"04-17-2026\";i:2;s:10:\"04-19-2026\";i:2;s:10:\"04-23-2026\";i:1;s:10:\"04-24-2026\";i:1;s:10:\"04-27-2026\";i:1;}"],"houzez_recently_viewed":["2026-04-27 08:32:22"],"theplus_transient_widgets":["a:1:{i:0;s:14:\"tp-mobile-menu\";}"],"_wpml_media_has_media":["1"],"rs_page_bg_color":[""],"_yoast_wpseo_estimated-reading-time-minutes":["1"],"fave_property_rooms":["3"],"fave_property_bathrooms":["2"],"fave_property_images":["18064","18061","18076","18235","18043","18232","18067","18085","18088","18229","18082"],"_wpml_word_count":["{\"total\":191,\"to_translate\":{\"en\":191,\"ja\":191}}"],"fave_property_id":["902"],"_thumbnail_id":["18064"],"tp_widgets":["a:2:{s:7:\"widgets\";a:1:{i:0;s:14:\"tp-mobile-menu\";}s:9:\"update_at\";s:10:\"1776975949\";}"],"_elementor_page_assets":["a:0:{}"],"_elementor_css":["a:1:{s:4:\"time\";i:1777068151;}"]},"yoast_head":"<!-- This site is optimized with the Yoast SEO plugin v27.4 - https:\/\/yoast.com\/product\/yoast-seo-wordpress\/ -->\n<title>Appartement 75015 - MiyakoParis<\/title>\n<meta name=\"robots\" content=\"index, follow, max-snippet:-1, max-image-preview:large, max-video-preview:-1\" \/>\n<link rel=\"canonical\" href=\"https:\/\/miyakoparis.com\/en\/property\/appartement-75015-171\/\" \/>\n<meta property=\"og:locale\" content=\"en_US\" \/>\n<meta property=\"og:type\" content=\"article\" \/>\n<meta property=\"og:title\" content=\"Appartement 75015 - MiyakoParis\" \/>\n<meta property=\"og:description\" content=\"MIYAKOPARIS, L&#8217;Agence du Front de Seine !\u00a0COUP DE COEUR \u2013 Paris XVe\u00a0\u2013 Front de Seine. Dans un immeuble de bon standing et haute surveillance,\u00a0\u00e9tage tr\u00e8s \u00e9lev\u00e9. Appartement d\u2019angle refait par un architecte offrant une\u00a0vue \u00e0 180 degr\u00e9s\u00a0sur\u00a0la Seine \/ la Tour Eiffel\u00a0se compose : entr\u00e9e, s\u00e9jour, cuisine am\u00e9ricaine\u00a0enti\u00e8rement \u00e9quip\u00e9e Miele, 2 chambres avec chacune sa [&hellip;]\" \/>\n<meta property=\"og:url\" content=\"https:\/\/miyakoparis.com\/en\/property\/appartement-75015-171\/\" \/>\n<meta property=\"og:site_name\" content=\"MiyakoParis\" \/>\n<meta property=\"article:publisher\" content=\"https:\/\/www.facebook.com\/search\/top?q=miyakoparis\" \/>\n<meta property=\"article:modified_time\" content=\"2022-09-26T12:46:06+00:00\" \/>\n<meta property=\"og:image\" content=\"https:\/\/miyakoparis.com\/wp-content\/uploads\/2020\/06\/10_miyakoparis_frontdeseine_beaugrenelleparis_beaugrenelle_appartementfrontdeseine_appartementdarchitecte.jpg\" \/>\n\t<meta property=\"og:image:width\" content=\"2048\" \/>\n\t<meta property=\"og:image:height\" content=\"1365\" \/>\n\t<meta property=\"og:image:type\" content=\"image\/jpeg\" \/>\n<meta name=\"twitter:card\" content=\"summary_large_image\" \/>\n<meta name=\"twitter:label1\" content=\"Est. reading time\" \/>\n\t<meta name=\"twitter:data1\" content=\"1 minute\" \/>\n<script type=\"application\/ld+json\" class=\"yoast-schema-graph\">{\"@context\":\"https:\\\/\\\/schema.org\",\"@graph\":[{\"@type\":\"WebPage\",\"@id\":\"https:\\\/\\\/miyakoparis.com\\\/en\\\/property\\\/appartement-75015-171\\\/\",\"url\":\"https:\\\/\\\/miyakoparis.com\\\/en\\\/property\\\/appartement-75015-171\\\/\",\"name\":\"Appartement 75015 - MiyakoParis\",\"isPartOf\":{\"@id\":\"https:\\\/\\\/miyakoparis.com\\\/en\\\/#website\"},\"primaryImageOfPage\":{\"@id\":\"https:\\\/\\\/miyakoparis.com\\\/en\\\/property\\\/appartement-75015-171\\\/#primaryimage\"},\"image\":{\"@id\":\"https:\\\/\\\/miyakoparis.com\\\/en\\\/property\\\/appartement-75015-171\\\/#primaryimage\"},\"thumbnailUrl\":\"https:\\\/\\\/miyakoparis.com\\\/wp-content\\\/uploads\\\/2020\\\/06\\\/10_miyakoparis_frontdeseine_beaugrenelleparis_beaugrenelle_appartementfrontdeseine_appartementdarchitecte.jpg\",\"datePublished\":\"2020-09-09T17:23:06+00:00\",\"dateModified\":\"2022-09-26T12:46:06+00:00\",\"breadcrumb\":{\"@id\":\"https:\\\/\\\/miyakoparis.com\\\/en\\\/property\\\/appartement-75015-171\\\/#breadcrumb\"},\"inLanguage\":\"en-US\",\"potentialAction\":[{\"@type\":\"ReadAction\",\"target\":[\"https:\\\/\\\/miyakoparis.com\\\/en\\\/property\\\/appartement-75015-171\\\/\"]}]},{\"@type\":\"ImageObject\",\"inLanguage\":\"en-US\",\"@id\":\"https:\\\/\\\/miyakoparis.com\\\/en\\\/property\\\/appartement-75015-171\\\/#primaryimage\",\"url\":\"https:\\\/\\\/miyakoparis.com\\\/wp-content\\\/uploads\\\/2020\\\/06\\\/10_miyakoparis_frontdeseine_beaugrenelleparis_beaugrenelle_appartementfrontdeseine_appartementdarchitecte.jpg\",\"contentUrl\":\"https:\\\/\\\/miyakoparis.com\\\/wp-content\\\/uploads\\\/2020\\\/06\\\/10_miyakoparis_frontdeseine_beaugrenelleparis_beaugrenelle_appartementfrontdeseine_appartementdarchitecte.jpg\",\"width\":2048,\"height\":1365},{\"@type\":\"BreadcrumbList\",\"@id\":\"https:\\\/\\\/miyakoparis.com\\\/en\\\/property\\\/appartement-75015-171\\\/#breadcrumb\",\"itemListElement\":[{\"@type\":\"ListItem\",\"position\":1,\"name\":\"Accueil\",\"item\":\"https:\\\/\\\/miyakoparis.com\\\/en\\\/\"},{\"@type\":\"ListItem\",\"position\":2,\"name\":\"Properties\",\"item\":\"https:\\\/\\\/miyakoparis.com\\\/en\\\/property\\\/\"},{\"@type\":\"ListItem\",\"position\":3,\"name\":\"Appartement 75015\"}]},{\"@type\":\"WebSite\",\"@id\":\"https:\\\/\\\/miyakoparis.com\\\/en\\\/#website\",\"url\":\"https:\\\/\\\/miyakoparis.com\\\/en\\\/\",\"name\":\"MiyakoParis\",\"description\":\"MiyakoParis - Agence immobili\u00e8re internationale - Paris\",\"publisher\":{\"@id\":\"https:\\\/\\\/miyakoparis.com\\\/en\\\/#organization\"},\"potentialAction\":[{\"@type\":\"SearchAction\",\"target\":{\"@type\":\"EntryPoint\",\"urlTemplate\":\"https:\\\/\\\/miyakoparis.com\\\/en\\\/?s={search_term_string}\"},\"query-input\":{\"@type\":\"PropertyValueSpecification\",\"valueRequired\":true,\"valueName\":\"search_term_string\"}}],\"inLanguage\":\"en-US\"},{\"@type\":\"Organization\",\"@id\":\"https:\\\/\\\/miyakoparis.com\\\/en\\\/#organization\",\"name\":\"MiyakoParis\",\"url\":\"https:\\\/\\\/miyakoparis.com\\\/en\\\/\",\"logo\":{\"@type\":\"ImageObject\",\"inLanguage\":\"en-US\",\"@id\":\"https:\\\/\\\/miyakoparis.com\\\/en\\\/#\\\/schema\\\/logo\\\/image\\\/\",\"url\":\"https:\\\/\\\/vibrant-williamson.146-59-155-173.plesk.page\\\/wp-content\\\/uploads\\\/2017\\\/05\\\/logo-miyako.png\",\"contentUrl\":\"https:\\\/\\\/vibrant-williamson.146-59-155-173.plesk.page\\\/wp-content\\\/uploads\\\/2017\\\/05\\\/logo-miyako.png\",\"width\":395,\"height\":79,\"caption\":\"MiyakoParis\"},\"image\":{\"@id\":\"https:\\\/\\\/miyakoparis.com\\\/en\\\/#\\\/schema\\\/logo\\\/image\\\/\"},\"sameAs\":[\"https:\\\/\\\/www.facebook.com\\\/search\\\/top?q=miyakoparis\",\"https:\\\/\\\/www.instagram.com\\\/miyako_paris\\\/?hl=fr\"]}]}<\/script>\n<!-- \/ Yoast SEO plugin. -->","yoast_head_json":{"title":"Appartement 75015 - MiyakoParis","robots":{"index":"index","follow":"follow","max-snippet":"max-snippet:-1","max-image-preview":"max-image-preview:large","max-video-preview":"max-video-preview:-1"},"canonical":"https:\/\/miyakoparis.com\/en\/property\/appartement-75015-171\/","og_locale":"en_US","og_type":"article","og_title":"Appartement 75015 - MiyakoParis","og_description":"MIYAKOPARIS, L&#8217;Agence du Front de Seine !\u00a0COUP DE COEUR \u2013 Paris XVe\u00a0\u2013 Front de Seine. Dans un immeuble de bon standing et haute surveillance,\u00a0\u00e9tage tr\u00e8s \u00e9lev\u00e9. Appartement d\u2019angle refait par un architecte offrant une\u00a0vue \u00e0 180 degr\u00e9s\u00a0sur\u00a0la Seine \/ la Tour Eiffel\u00a0se compose : entr\u00e9e, s\u00e9jour, cuisine am\u00e9ricaine\u00a0enti\u00e8rement \u00e9quip\u00e9e Miele, 2 chambres avec chacune sa [&hellip;]","og_url":"https:\/\/miyakoparis.com\/en\/property\/appartement-75015-171\/","og_site_name":"MiyakoParis","article_publisher":"https:\/\/www.facebook.com\/search\/top?q=miyakoparis","article_modified_time":"2022-09-26T12:46:06+00:00","og_image":[{"width":2048,"height":1365,"url":"https:\/\/miyakoparis.com\/wp-content\/uploads\/2020\/06\/10_miyakoparis_frontdeseine_beaugrenelleparis_beaugrenelle_appartementfrontdeseine_appartementdarchitecte.jpg","type":"image\/jpeg"}],"twitter_card":"summary_large_image","twitter_misc":{"Est. reading time":"1 minute"},"schema":{"@context":"https:\/\/schema.org","@graph":[{"@type":"WebPage","@id":"https:\/\/miyakoparis.com\/en\/property\/appartement-75015-171\/","url":"https:\/\/miyakoparis.com\/en\/property\/appartement-75015-171\/","name":"Appartement 75015 - MiyakoParis","isPartOf":{"@id":"https:\/\/miyakoparis.com\/en\/#website"},"primaryImageOfPage":{"@id":"https:\/\/miyakoparis.com\/en\/property\/appartement-75015-171\/#primaryimage"},"image":{"@id":"https:\/\/miyakoparis.com\/en\/property\/appartement-75015-171\/#primaryimage"},"thumbnailUrl":"https:\/\/miyakoparis.com\/wp-content\/uploads\/2020\/06\/10_miyakoparis_frontdeseine_beaugrenelleparis_beaugrenelle_appartementfrontdeseine_appartementdarchitecte.jpg","datePublished":"2020-09-09T17:23:06+00:00","dateModified":"2022-09-26T12:46:06+00:00","breadcrumb":{"@id":"https:\/\/miyakoparis.com\/en\/property\/appartement-75015-171\/#breadcrumb"},"inLanguage":"en-US","potentialAction":[{"@type":"ReadAction","target":["https:\/\/miyakoparis.com\/en\/property\/appartement-75015-171\/"]}]},{"@type":"ImageObject","inLanguage":"en-US","@id":"https:\/\/miyakoparis.com\/en\/property\/appartement-75015-171\/#primaryimage","url":"https:\/\/miyakoparis.com\/wp-content\/uploads\/2020\/06\/10_miyakoparis_frontdeseine_beaugrenelleparis_beaugrenelle_appartementfrontdeseine_appartementdarchitecte.jpg","contentUrl":"https:\/\/miyakoparis.com\/wp-content\/uploads\/2020\/06\/10_miyakoparis_frontdeseine_beaugrenelleparis_beaugrenelle_appartementfrontdeseine_appartementdarchitecte.jpg","width":2048,"height":1365},{"@type":"BreadcrumbList","@id":"https:\/\/miyakoparis.com\/en\/property\/appartement-75015-171\/#breadcrumb","itemListElement":[{"@type":"ListItem","position":1,"name":"Accueil","item":"https:\/\/miyakoparis.com\/en\/"},{"@type":"ListItem","position":2,"name":"Properties","item":"https:\/\/miyakoparis.com\/en\/property\/"},{"@type":"ListItem","position":3,"name":"Appartement 75015"}]},{"@type":"WebSite","@id":"https:\/\/miyakoparis.com\/en\/#website","url":"https:\/\/miyakoparis.com\/en\/","name":"MiyakoParis","description":"MiyakoParis - Agence immobili\u00e8re internationale - Paris","publisher":{"@id":"https:\/\/miyakoparis.com\/en\/#organization"},"potentialAction":[{"@type":"SearchAction","target":{"@type":"EntryPoint","urlTemplate":"https:\/\/miyakoparis.com\/en\/?s={search_term_string}"},"query-input":{"@type":"PropertyValueSpecification","valueRequired":true,"valueName":"search_term_string"}}],"inLanguage":"en-US"},{"@type":"Organization","@id":"https:\/\/miyakoparis.com\/en\/#organization","name":"MiyakoParis","url":"https:\/\/miyakoparis.com\/en\/","logo":{"@type":"ImageObject","inLanguage":"en-US","@id":"https:\/\/miyakoparis.com\/en\/#\/schema\/logo\/image\/","url":"https:\/\/vibrant-williamson.146-59-155-173.plesk.page\/wp-content\/uploads\/2017\/05\/logo-miyako.png","contentUrl":"https:\/\/vibrant-williamson.146-59-155-173.plesk.page\/wp-content\/uploads\/2017\/05\/logo-miyako.png","width":395,"height":79,"caption":"MiyakoParis"},"image":{"@id":"https:\/\/miyakoparis.com\/en\/#\/schema\/logo\/image\/"},"sameAs":["https:\/\/www.facebook.com\/search\/top?q=miyakoparis","https:\/\/www.instagram.com\/miyako_paris\/?hl=fr"]}]}},"_links":{"self":[{"href":"https:\/\/miyakoparis.com\/en\/wp-json\/wp\/v2\/properties\/18095","targetHints":{"allow":["GET"]}}],"collection":[{"href":"https:\/\/miyakoparis.com\/en\/wp-json\/wp\/v2\/properties"}],"about":[{"href":"https:\/\/miyakoparis.com\/en\/wp-json\/wp\/v2\/types\/property"}],"author":[{"embeddable":true,"href":"https:\/\/miyakoparis.com\/en\/wp-json\/wp\/v2\/users\/2"}],"version-history":[{"count":0,"href":"https:\/\/miyakoparis.com\/en\/wp-json\/wp\/v2\/properties\/18095\/revisions"}],"wp:featuredmedia":[{"embeddable":true,"href":"https:\/\/miyakoparis.com\/en\/wp-json\/wp\/v2\/media\/18064"}],"wp:attachment":[{"href":"https:\/\/miyakoparis.com\/en\/wp-json\/wp\/v2\/media?parent=18095"}],"wp:term":[{"taxonomy":"property_type","embeddable":true,"href":"https:\/\/miyakoparis.com\/en\/wp-json\/wp\/v2\/property_type?post=18095"},{"taxonomy":"property_status","embeddable":true,"href":"https:\/\/miyakoparis.com\/en\/wp-json\/wp\/v2\/property_status?post=18095"},{"taxonomy":"property_feature","embeddable":true,"href":"https:\/\/miyakoparis.com\/en\/wp-json\/wp\/v2\/property_feature?post=18095"},{"taxonomy":"property_label","embeddable":true,"href":"https:\/\/miyakoparis.com\/en\/wp-json\/wp\/v2\/property_label?post=18095"},{"taxonomy":"property_city","embeddable":true,"href":"https:\/\/miyakoparis.com\/en\/wp-json\/wp\/v2\/property_city?post=18095"}],"curies":[{"name":"wp","href":"https:\/\/api.w.org\/{rel}","templated":true}]}}