{"id":23287,"date":"2025-11-01T14:50:00","date_gmt":"2025-11-01T13:50:00","guid":{"rendered":"https:\/\/vibrant-williamson.146-59-155-173.plesk.page\/property\/appartement-75015-209\/"},"modified":"2026-03-29T14:51:30","modified_gmt":"2026-03-29T12:51:30","slug":"appartement-75015-209","status":"publish","type":"property","link":"https:\/\/miyakoparis.com\/en\/property\/appartement-75015-209\/","title":{"rendered":"Appartement 75015"},"content":{"rendered":"<h1 style=\"text-align: center;\" data-start=\"86\" data-end=\"131\"><strong data-start=\"88\" data-end=\"131\">EXCLUSIVIT\u00c9 \u2013 PARIS XV \u2013 FRONT DE SEINE<\/strong><\/h1>\n<p style=\"text-align: center;\" data-start=\"133\" data-end=\"265\">D\u00e9couvrez cet <strong>appartement d\u2019exception<\/strong>, offrant une <strong data-start=\"221\" data-end=\"264\">vue panoramique imprenable sur la Seine<\/strong>.<\/p>\n<p style=\"text-align: center;\" data-start=\"267\" data-end=\"603\">Il se compose d\u2019une \u00e9l\u00e9gante entr\u00e9e, d\u2019un <strong data-start=\"309\" data-end=\"335\">s\u00e9jour au design \u00e9pur\u00e9<\/strong>, d\u2019une <strong data-start=\"343\" data-end=\"397\">cuisine am\u00e9ricaine enti\u00e8rement am\u00e9nag\u00e9e et \u00e9quip\u00e9e<\/strong>, d\u2019une <strong data-start=\"405\" data-end=\"437\">salle de bains contemporaine<\/strong> avec douche \u00e0 l\u2019italienne et WC, ainsi que d\u2019une <strong data-start=\"487\" data-end=\"528\">chambre avec vue directe sur la Seine<\/strong>.<br data-start=\"529\" data-end=\"532\" \/><strong data-start=\"532\" data-end=\"556\">Exposition plein Sud<\/strong>, baign\u00e9 de lumi\u00e8re tout au long de la journ\u00e9e.<\/p>\n<p style=\"text-align: center;\" data-start=\"605\" data-end=\"708\">Un bien <strong data-start=\"613\" data-end=\"621\">rare<\/strong>, au c\u0153ur d\u2019un quartier recherch\u00e9, alliant confort, modernit\u00e9 et panorama exceptionnel.<\/p>\n<p style=\"text-align: center;\"><strong>Venez d\u00e9couvrir un nouvel environnement, un nouvel art de vivre.<br \/>\n<\/strong><\/p>\n<p class=\"cnt_desc\" style=\"text-align: center;\">A deux pas du\u00a0<strong>Centre Beaugrenelle.<\/strong><\/p>\n<p style=\"text-align: center;\">Chauffage et eau chaude collectifs.<\/p>\n<p style=\"text-align: center;\"><strong>Services :<\/strong>\u00a0Interphone<strong>.\u00a0<\/strong>4<strong>\u00a0<\/strong>Ascenseurs.\u00a0<strong>Gardien 24h\/24h.<\/strong>\u00a0Interphone.\u00a0<b>Parking accessible directement dans l\u2019immeuble.<\/b><\/p>\n<p class=\"cnt_desc\" style=\"text-align: center;\"><strong>Bon \u00e0 savoir?<\/strong><\/p>\n<p style=\"text-align: center;\">Architecte \u2192 Pottier, Proux<br \/>\nConstruction \u2192 1976<br \/>\nUsage \u2192 R\u00e9sidentiel<br \/>\nBruit \u2192\u00a0 Sol en B\u00e9ton formant une protection acoustique indispensable contre les bruits<\/p>\n<p style=\"text-align: center;\"><strong>Proximit\u00e9 :<\/strong>\u00a0Charles Michels (Ligne 10) \/ Bir-Hakeim (Ligne 6) \/ RER C Javel \/ Bus (30 42 62 70 77)<\/p>\n<p style=\"text-align: center;\"><strong>D\u00e9tail Loyer<\/strong> : 3 000 \u20ac \/ mois CC dont compl\u00e9ment de loyer 252,60 \u20ac et provision sur charges avec r\u00e9gularisation annuelle : 280 \u20ac<br \/>\nLoyer de r\u00e9f\u00e9rence major\u00e9 : 33,8 \u20ac \/ m\u00b2<br \/>\nD\u00e9p\u00f4t de garantie : 5 440 \u20ac<\/p>\n<p style=\"text-align: center;\"><strong>Honoraires charge locataire :<\/strong><\/p>\n<p style=\"text-align: center;\">1. Location loi 89 (R\u00e9sidence principale du locataire)<br \/>\nPrestations de visite, constitution du dossier, r\u00e9daction du bail : 12 \u20ac\/m\u00b2<br \/>\nEtat des lieux : 3 \u20ac\/m\u00b2<\/p>\n<p style=\"text-align: center;\">2. Bail code civil (Bail soci\u00e9t\u00e9 ou r\u00e9sidence secondaire du locataire)<br \/>\n<b>\u00a0<\/b>12% du loyer annuel hors charges + TVA (20%)<\/p>\n<p style=\"text-align: center;\"><strong>DPE :<\/strong> E<\/p>\n<p style=\"text-align: center;\">Les informations sur les risques auxquels ce bien est expos\u00e9 sont disponibles sur le site G\u00e9orisques\u00a0<a href=\"https:\/\/www.georisques.gouv.fr\/\" target=\"_blank\" rel=\"noreferrer noopener\">https:\/\/www.georisques.gouv.fr<\/a><\/p>\n","protected":false},"excerpt":{"rendered":"<p>EXCLUSIVIT\u00c9 \u2013 PARIS XV \u2013 FRONT DE SEINE D\u00e9couvrez cet appartement d\u2019exception, offrant une vue panoramique imprenable sur la Seine. Il se compose d\u2019une \u00e9l\u00e9gante entr\u00e9e, d\u2019un s\u00e9jour au design \u00e9pur\u00e9, d\u2019une cuisine am\u00e9ricaine enti\u00e8rement am\u00e9nag\u00e9e et \u00e9quip\u00e9e, d\u2019une salle de bains contemporaine avec douche \u00e0 l\u2019italienne et WC, ainsi que d\u2019une chambre avec vue [&hellip;]<\/p>\n","protected":false},"author":2,"featured_media":23281,"parent":0,"menu_order":0,"template":"","property_type":[225],"property_status":[231],"property_feature":[247,235,393,284,258,238,269,240,271],"property_label":[528,587],"property_city":[218],"class_list":["post-23287","property","type-property","status-publish","has-post-thumbnail","hentry","property_type-apartment","property_status-to-rent","property_feature-american-kitchen","property_feature-elevators","property_feature-furniture","property_feature-heating-type-collective","property_feature-intercom","property_feature-quiet","property_feature-reception-24h-24h-en","property_feature-room-1","property_feature-view-seine-paris","property_label-available","property_label-exclusivity-en","property_city-paris-15e-en"],"property_meta":{"_alp_processed":["1619464299"],"_icl_lang_duplicate_of":["23247"],"_wp_page_template":["default"],"_thumbnail_id":["23281"],"tp_widgets":["a:2:{s:7:\"widgets\";a:1:{i:0;s:14:\"tp-mobile-menu\";}s:9:\"update_at\";s:10:\"1776975949\";}"],"rs_page_bg_color":[""],"the_grid_item_custom_link_target":["_self"],"the_grid_item_col":["1"],"the_grid_item_row":["1"],"the_grid_item_content_color":["dark"],"the_grid_item_overlay_color":["light"],"the_grid_item_video_ratio":["4:3"],"the_grid_item_youtube_ratio":["4:3"],"the_grid_item_vimeo_ratio":["4:3"],"the_grid_item_wistia_ratio":["4:3"],"_yoast_wpseo_content_score":["90"],"_yoast_wpseo_estimated-reading-time-minutes":["2"],"fave_property_price":["3000"],"fave_property_size":["73"],"fave_property_id":["1001"],"fave_property_map":["1"],"fave_property_location":["25.68654,-80.431345,15"],"houzez_geolocation_lat":["25.68654"],"houzez_geolocation_long":["-80.431345"],"fave_property_map_street_view":["hide"],"fave_featured":["1"],"fave_loggedintoview":["0"],"fave_agent_display_option":["agent_info"],"fave_agents":["4266"],"fave_prop_homeslider":["no"],"fave_single_top_area":["global"],"fave_single_content_area":["global"],"_yoast_wpseo_primary_property_type":["14"],"_yoast_wpseo_primary_property_status":[""],"_yoast_wpseo_primary_property_feature":["118"],"houzez_manual_expire":["0"],"_houzez_expiration_date_status":["saved"],"_wpml_media_duplicate":["1"],"_wpml_media_featured":["1"],"_yoast_wpseo_primary_property_label":["586"],"houzez_total_property_views":["4987"],"houzez_views_by_date":["a:61:{s:10:\"02-14-2026\";i:12;s:10:\"02-15-2026\";i:5;s:10:\"02-16-2026\";i:4;s:10:\"02-17-2026\";i:6;s:10:\"02-18-2026\";i:6;s:10:\"02-19-2026\";i:11;s:10:\"02-20-2026\";i:7;s:10:\"02-21-2026\";i:6;s:10:\"02-22-2026\";i:6;s:10:\"02-23-2026\";i:10;s:10:\"02-24-2026\";i:12;s:10:\"02-25-2026\";i:9;s:10:\"02-26-2026\";i:9;s:10:\"02-27-2026\";i:16;s:10:\"02-28-2026\";i:9;s:10:\"03-01-2026\";i:2;s:10:\"03-02-2026\";i:11;s:10:\"03-03-2026\";i:6;s:10:\"03-04-2026\";i:5;s:10:\"03-05-2026\";i:6;s:10:\"03-06-2026\";i:6;s:10:\"03-07-2026\";i:5;s:10:\"03-08-2026\";i:9;s:10:\"03-09-2026\";i:5;s:10:\"03-10-2026\";i:6;s:10:\"03-11-2026\";i:2;s:10:\"03-12-2026\";i:14;s:10:\"03-13-2026\";i:13;s:10:\"03-14-2026\";i:29;s:10:\"03-15-2026\";i:19;s:10:\"03-16-2026\";i:21;s:10:\"03-17-2026\";i:15;s:10:\"03-18-2026\";i:17;s:10:\"03-19-2026\";i:10;s:10:\"03-20-2026\";i:8;s:10:\"03-21-2026\";i:15;s:10:\"03-22-2026\";i:10;s:10:\"03-23-2026\";i:8;s:10:\"03-24-2026\";i:20;s:10:\"03-25-2026\";i:20;s:10:\"03-26-2026\";i:11;s:10:\"03-27-2026\";i:39;s:10:\"03-28-2026\";i:13;s:10:\"03-29-2026\";i:8;s:10:\"03-30-2026\";i:1;s:10:\"03-31-2026\";i:1;s:10:\"04-01-2026\";i:1;s:10:\"04-04-2026\";i:2;s:10:\"04-09-2026\";i:2;s:10:\"04-10-2026\";i:1;s:10:\"04-14-2026\";i:1;s:10:\"04-15-2026\";i:3;s:10:\"04-16-2026\";i:2;s:10:\"04-19-2026\";i:1;s:10:\"04-22-2026\";i:7;s:10:\"04-23-2026\";i:3;s:10:\"04-24-2026\";i:3;s:10:\"04-25-2026\";i:1;s:10:\"04-27-2026\";i:1;s:10:\"04-28-2026\";i:4;s:10:\"04-29-2026\";i:3;}"],"houzez_recently_viewed":["2026-04-30 00:23:11"],"theplus_transient_widgets":["a:1:{i:0;s:14:\"tp-mobile-menu\";}"],"fave_property_bedrooms":["1"],"fave_property_rooms":["2"],"fave_property_bathrooms":["1"],"_wpml_word_count":["299"],"fave_energy_class":["E"],"fave_energy_global_index":["300"],"_yoast_wpseo_primary_property_city":["140"],"fave_property_images":["23250","23256","23259","23283","23277","23268","23265","23274","23262","23253","23280","23271"],"fave_show_price_placeholder":["0"],"_wpml_media_has_media":["1"],"_elementor_page_assets":["a:0:{}"]},"yoast_head":"<!-- This site is optimized with the Yoast SEO plugin v27.5 - https:\/\/yoast.com\/product\/yoast-seo-wordpress\/ -->\n<title>Appartement 75015 - MiyakoParis<\/title>\n<meta name=\"robots\" content=\"index, follow, max-snippet:-1, max-image-preview:large, max-video-preview:-1\" \/>\n<link rel=\"canonical\" href=\"https:\/\/miyakoparis.com\/en\/property\/appartement-75015-209\/\" \/>\n<meta property=\"og:locale\" content=\"en_US\" \/>\n<meta property=\"og:type\" content=\"article\" \/>\n<meta property=\"og:title\" content=\"Appartement 75015 - MiyakoParis\" \/>\n<meta property=\"og:description\" content=\"EXCLUSIVIT\u00c9 \u2013 PARIS XV \u2013 FRONT DE SEINE D\u00e9couvrez cet appartement d\u2019exception, offrant une vue panoramique imprenable sur la Seine. Il se compose d\u2019une \u00e9l\u00e9gante entr\u00e9e, d\u2019un s\u00e9jour au design \u00e9pur\u00e9, d\u2019une cuisine am\u00e9ricaine enti\u00e8rement am\u00e9nag\u00e9e et \u00e9quip\u00e9e, d\u2019une salle de bains contemporaine avec douche \u00e0 l\u2019italienne et WC, ainsi que d\u2019une chambre avec vue [&hellip;]\" \/>\n<meta property=\"og:url\" content=\"https:\/\/miyakoparis.com\/en\/property\/appartement-75015-209\/\" \/>\n<meta property=\"og:site_name\" content=\"MiyakoParis\" \/>\n<meta property=\"article:publisher\" content=\"https:\/\/www.facebook.com\/search\/top?q=miyakoparis\" \/>\n<meta property=\"article:modified_time\" content=\"2026-03-29T12:51:30+00:00\" \/>\n<meta property=\"og:image\" content=\"https:\/\/miyakoparis.com\/wp-content\/uploads\/2021\/04\/logo-11-1.jpg\" \/>\n\t<meta property=\"og:image:width\" content=\"2000\" \/>\n\t<meta property=\"og:image:height\" content=\"1333\" \/>\n\t<meta property=\"og:image:type\" content=\"image\/jpeg\" \/>\n<meta name=\"twitter:card\" content=\"summary_large_image\" \/>\n<meta name=\"twitter:label1\" content=\"Est. reading time\" \/>\n\t<meta name=\"twitter:data1\" content=\"2 minutes\" \/>\n<script type=\"application\/ld+json\" class=\"yoast-schema-graph\">{\"@context\":\"https:\\\/\\\/schema.org\",\"@graph\":[{\"@type\":\"WebPage\",\"@id\":\"https:\\\/\\\/miyakoparis.com\\\/en\\\/property\\\/appartement-75015-209\\\/\",\"url\":\"https:\\\/\\\/miyakoparis.com\\\/en\\\/property\\\/appartement-75015-209\\\/\",\"name\":\"Appartement 75015 - MiyakoParis\",\"isPartOf\":{\"@id\":\"https:\\\/\\\/miyakoparis.com\\\/en\\\/#website\"},\"primaryImageOfPage\":{\"@id\":\"https:\\\/\\\/miyakoparis.com\\\/en\\\/property\\\/appartement-75015-209\\\/#primaryimage\"},\"image\":{\"@id\":\"https:\\\/\\\/miyakoparis.com\\\/en\\\/property\\\/appartement-75015-209\\\/#primaryimage\"},\"thumbnailUrl\":\"https:\\\/\\\/miyakoparis.com\\\/wp-content\\\/uploads\\\/2021\\\/04\\\/logo-11-1.jpg\",\"datePublished\":\"2025-11-01T13:50:00+00:00\",\"dateModified\":\"2026-03-29T12:51:30+00:00\",\"breadcrumb\":{\"@id\":\"https:\\\/\\\/miyakoparis.com\\\/en\\\/property\\\/appartement-75015-209\\\/#breadcrumb\"},\"inLanguage\":\"en-US\",\"potentialAction\":[{\"@type\":\"ReadAction\",\"target\":[\"https:\\\/\\\/miyakoparis.com\\\/en\\\/property\\\/appartement-75015-209\\\/\"]}]},{\"@type\":\"ImageObject\",\"inLanguage\":\"en-US\",\"@id\":\"https:\\\/\\\/miyakoparis.com\\\/en\\\/property\\\/appartement-75015-209\\\/#primaryimage\",\"url\":\"https:\\\/\\\/miyakoparis.com\\\/wp-content\\\/uploads\\\/2021\\\/04\\\/logo-11-1.jpg\",\"contentUrl\":\"https:\\\/\\\/miyakoparis.com\\\/wp-content\\\/uploads\\\/2021\\\/04\\\/logo-11-1.jpg\",\"width\":2000,\"height\":1333},{\"@type\":\"BreadcrumbList\",\"@id\":\"https:\\\/\\\/miyakoparis.com\\\/en\\\/property\\\/appartement-75015-209\\\/#breadcrumb\",\"itemListElement\":[{\"@type\":\"ListItem\",\"position\":1,\"name\":\"Accueil\",\"item\":\"https:\\\/\\\/miyakoparis.com\\\/en\\\/\"},{\"@type\":\"ListItem\",\"position\":2,\"name\":\"Properties\",\"item\":\"https:\\\/\\\/miyakoparis.com\\\/en\\\/property\\\/\"},{\"@type\":\"ListItem\",\"position\":3,\"name\":\"Appartement 75015\"}]},{\"@type\":\"WebSite\",\"@id\":\"https:\\\/\\\/miyakoparis.com\\\/en\\\/#website\",\"url\":\"https:\\\/\\\/miyakoparis.com\\\/en\\\/\",\"name\":\"MiyakoParis\",\"description\":\"MiyakoParis - Agence immobili\u00e8re internationale - Paris\",\"publisher\":{\"@id\":\"https:\\\/\\\/miyakoparis.com\\\/en\\\/#organization\"},\"potentialAction\":[{\"@type\":\"SearchAction\",\"target\":{\"@type\":\"EntryPoint\",\"urlTemplate\":\"https:\\\/\\\/miyakoparis.com\\\/en\\\/?s={search_term_string}\"},\"query-input\":{\"@type\":\"PropertyValueSpecification\",\"valueRequired\":true,\"valueName\":\"search_term_string\"}}],\"inLanguage\":\"en-US\"},{\"@type\":\"Organization\",\"@id\":\"https:\\\/\\\/miyakoparis.com\\\/en\\\/#organization\",\"name\":\"MiyakoParis\",\"url\":\"https:\\\/\\\/miyakoparis.com\\\/en\\\/\",\"logo\":{\"@type\":\"ImageObject\",\"inLanguage\":\"en-US\",\"@id\":\"https:\\\/\\\/miyakoparis.com\\\/en\\\/#\\\/schema\\\/logo\\\/image\\\/\",\"url\":\"https:\\\/\\\/vibrant-williamson.146-59-155-173.plesk.page\\\/wp-content\\\/uploads\\\/2017\\\/05\\\/logo-miyako.png\",\"contentUrl\":\"https:\\\/\\\/vibrant-williamson.146-59-155-173.plesk.page\\\/wp-content\\\/uploads\\\/2017\\\/05\\\/logo-miyako.png\",\"width\":395,\"height\":79,\"caption\":\"MiyakoParis\"},\"image\":{\"@id\":\"https:\\\/\\\/miyakoparis.com\\\/en\\\/#\\\/schema\\\/logo\\\/image\\\/\"},\"sameAs\":[\"https:\\\/\\\/www.facebook.com\\\/search\\\/top?q=miyakoparis\",\"https:\\\/\\\/www.instagram.com\\\/miyako_paris\\\/?hl=fr\"]}]}<\/script>\n<!-- \/ Yoast SEO plugin. -->","yoast_head_json":{"title":"Appartement 75015 - MiyakoParis","robots":{"index":"index","follow":"follow","max-snippet":"max-snippet:-1","max-image-preview":"max-image-preview:large","max-video-preview":"max-video-preview:-1"},"canonical":"https:\/\/miyakoparis.com\/en\/property\/appartement-75015-209\/","og_locale":"en_US","og_type":"article","og_title":"Appartement 75015 - MiyakoParis","og_description":"EXCLUSIVIT\u00c9 \u2013 PARIS XV \u2013 FRONT DE SEINE D\u00e9couvrez cet appartement d\u2019exception, offrant une vue panoramique imprenable sur la Seine. Il se compose d\u2019une \u00e9l\u00e9gante entr\u00e9e, d\u2019un s\u00e9jour au design \u00e9pur\u00e9, d\u2019une cuisine am\u00e9ricaine enti\u00e8rement am\u00e9nag\u00e9e et \u00e9quip\u00e9e, d\u2019une salle de bains contemporaine avec douche \u00e0 l\u2019italienne et WC, ainsi que d\u2019une chambre avec vue [&hellip;]","og_url":"https:\/\/miyakoparis.com\/en\/property\/appartement-75015-209\/","og_site_name":"MiyakoParis","article_publisher":"https:\/\/www.facebook.com\/search\/top?q=miyakoparis","article_modified_time":"2026-03-29T12:51:30+00:00","og_image":[{"width":2000,"height":1333,"url":"https:\/\/miyakoparis.com\/wp-content\/uploads\/2021\/04\/logo-11-1.jpg","type":"image\/jpeg"}],"twitter_card":"summary_large_image","twitter_misc":{"Est. reading time":"2 minutes"},"schema":{"@context":"https:\/\/schema.org","@graph":[{"@type":"WebPage","@id":"https:\/\/miyakoparis.com\/en\/property\/appartement-75015-209\/","url":"https:\/\/miyakoparis.com\/en\/property\/appartement-75015-209\/","name":"Appartement 75015 - MiyakoParis","isPartOf":{"@id":"https:\/\/miyakoparis.com\/en\/#website"},"primaryImageOfPage":{"@id":"https:\/\/miyakoparis.com\/en\/property\/appartement-75015-209\/#primaryimage"},"image":{"@id":"https:\/\/miyakoparis.com\/en\/property\/appartement-75015-209\/#primaryimage"},"thumbnailUrl":"https:\/\/miyakoparis.com\/wp-content\/uploads\/2021\/04\/logo-11-1.jpg","datePublished":"2025-11-01T13:50:00+00:00","dateModified":"2026-03-29T12:51:30+00:00","breadcrumb":{"@id":"https:\/\/miyakoparis.com\/en\/property\/appartement-75015-209\/#breadcrumb"},"inLanguage":"en-US","potentialAction":[{"@type":"ReadAction","target":["https:\/\/miyakoparis.com\/en\/property\/appartement-75015-209\/"]}]},{"@type":"ImageObject","inLanguage":"en-US","@id":"https:\/\/miyakoparis.com\/en\/property\/appartement-75015-209\/#primaryimage","url":"https:\/\/miyakoparis.com\/wp-content\/uploads\/2021\/04\/logo-11-1.jpg","contentUrl":"https:\/\/miyakoparis.com\/wp-content\/uploads\/2021\/04\/logo-11-1.jpg","width":2000,"height":1333},{"@type":"BreadcrumbList","@id":"https:\/\/miyakoparis.com\/en\/property\/appartement-75015-209\/#breadcrumb","itemListElement":[{"@type":"ListItem","position":1,"name":"Accueil","item":"https:\/\/miyakoparis.com\/en\/"},{"@type":"ListItem","position":2,"name":"Properties","item":"https:\/\/miyakoparis.com\/en\/property\/"},{"@type":"ListItem","position":3,"name":"Appartement 75015"}]},{"@type":"WebSite","@id":"https:\/\/miyakoparis.com\/en\/#website","url":"https:\/\/miyakoparis.com\/en\/","name":"MiyakoParis","description":"MiyakoParis - Agence immobili\u00e8re internationale - Paris","publisher":{"@id":"https:\/\/miyakoparis.com\/en\/#organization"},"potentialAction":[{"@type":"SearchAction","target":{"@type":"EntryPoint","urlTemplate":"https:\/\/miyakoparis.com\/en\/?s={search_term_string}"},"query-input":{"@type":"PropertyValueSpecification","valueRequired":true,"valueName":"search_term_string"}}],"inLanguage":"en-US"},{"@type":"Organization","@id":"https:\/\/miyakoparis.com\/en\/#organization","name":"MiyakoParis","url":"https:\/\/miyakoparis.com\/en\/","logo":{"@type":"ImageObject","inLanguage":"en-US","@id":"https:\/\/miyakoparis.com\/en\/#\/schema\/logo\/image\/","url":"https:\/\/vibrant-williamson.146-59-155-173.plesk.page\/wp-content\/uploads\/2017\/05\/logo-miyako.png","contentUrl":"https:\/\/vibrant-williamson.146-59-155-173.plesk.page\/wp-content\/uploads\/2017\/05\/logo-miyako.png","width":395,"height":79,"caption":"MiyakoParis"},"image":{"@id":"https:\/\/miyakoparis.com\/en\/#\/schema\/logo\/image\/"},"sameAs":["https:\/\/www.facebook.com\/search\/top?q=miyakoparis","https:\/\/www.instagram.com\/miyako_paris\/?hl=fr"]}]}},"_links":{"self":[{"href":"https:\/\/miyakoparis.com\/en\/wp-json\/wp\/v2\/properties\/23287","targetHints":{"allow":["GET"]}}],"collection":[{"href":"https:\/\/miyakoparis.com\/en\/wp-json\/wp\/v2\/properties"}],"about":[{"href":"https:\/\/miyakoparis.com\/en\/wp-json\/wp\/v2\/types\/property"}],"author":[{"embeddable":true,"href":"https:\/\/miyakoparis.com\/en\/wp-json\/wp\/v2\/users\/2"}],"version-history":[{"count":5,"href":"https:\/\/miyakoparis.com\/en\/wp-json\/wp\/v2\/properties\/23287\/revisions"}],"predecessor-version":[{"id":47209,"href":"https:\/\/miyakoparis.com\/en\/wp-json\/wp\/v2\/properties\/23287\/revisions\/47209"}],"wp:featuredmedia":[{"embeddable":true,"href":"https:\/\/miyakoparis.com\/en\/wp-json\/wp\/v2\/media\/23281"}],"wp:attachment":[{"href":"https:\/\/miyakoparis.com\/en\/wp-json\/wp\/v2\/media?parent=23287"}],"wp:term":[{"taxonomy":"property_type","embeddable":true,"href":"https:\/\/miyakoparis.com\/en\/wp-json\/wp\/v2\/property_type?post=23287"},{"taxonomy":"property_status","embeddable":true,"href":"https:\/\/miyakoparis.com\/en\/wp-json\/wp\/v2\/property_status?post=23287"},{"taxonomy":"property_feature","embeddable":true,"href":"https:\/\/miyakoparis.com\/en\/wp-json\/wp\/v2\/property_feature?post=23287"},{"taxonomy":"property_label","embeddable":true,"href":"https:\/\/miyakoparis.com\/en\/wp-json\/wp\/v2\/property_label?post=23287"},{"taxonomy":"property_city","embeddable":true,"href":"https:\/\/miyakoparis.com\/en\/wp-json\/wp\/v2\/property_city?post=23287"}],"curies":[{"name":"wp","href":"https:\/\/api.w.org\/{rel}","templated":true}]}}