{"id":31161,"date":"2023-02-14T15:25:48","date_gmt":"2023-02-14T14:25:48","guid":{"rendered":"https:\/\/vibrant-williamson.146-59-155-173.plesk.page\/property\/appartement-75015-273\/"},"modified":"2023-11-24T21:14:31","modified_gmt":"2023-11-24T20:14:31","slug":"appartement-75015-273","status":"publish","type":"property","link":"https:\/\/miyakoparis.com\/en\/property\/appartement-75015-273\/","title":{"rendered":"Appartement 75015"},"content":{"rendered":"<p style=\"text-align: center;\"><strong>MIYAKOPARIS, L\u2019Agence du Front de Seine ! Paris XVe <\/strong>\u2013 Dans un immeuble de bon standing et haute surveillance. <strong>Appartement familial de 108,82 m\u00b2 Loi Carrez r\u00e9nov\u00e9 <\/strong>b\u00e9n\u00e9ficiant d\u2019une<strong> vue d\u00e9gag\u00e9e sur la Seine et verdoyant gr\u00e2ce \u00e0 des jardins suspendus <\/strong>se compose comme suit : entr\u00e9e, vaste s\u00e9jour de 36m\u00b2,<strong>&nbsp;3 chambres<\/strong>, salle de bains, dressing pouvant \u00eatre am\u00e9nag\u00e9 en seconde SDB (la pi\u00e8ce dispose des arriv\u00e9es d&#8217;eau), WC s\u00e9par\u00e9s, cuisine ind\u00e9pendante \u00e9quip\u00e9e. Nombreux rangements. Parquet massif dans tout l&#8217;appartement. <b>Parties communes r\u00e9nov\u00e9es r\u00e9cemment.<\/b><\/p>\n<p style=\"text-align: center;\">Appartement lumineux. <strong>Calme. <\/strong><\/p>\n<p style=\"text-align: center;\">A deux pas du&nbsp;Centre Beaugrenelle.<\/p>\n<p style=\"text-align: center;\">Chauffage et eau chaude collectifs.<\/p>\n<p style=\"text-align: center;\"><strong>&nbsp;Services<\/strong> : Interphone, Ascenseurs, Gardien 24h\/24h, Possibilit\u00e9 parking en concession dans l\u2019immeuble. <strong>Visuels et plan sur demande.<\/strong><\/p>\n<p class=\"cnt_desc\" style=\"text-align: center;\"><strong>Bon \u00e0 savoir?&nbsp;<\/strong><\/p>\n<p style=\"text-align: center;\">Bruit \u2192&nbsp; Sol en B\u00e9ton formant une protection acoustique indispensable contre les bruits<br \/>\nArchitecte \u2192 M. JC BERNARD<br \/>\nConstruction \u2192 1975<br \/>\nUsage \u2192 R\u00e9sidentiel<\/p>\n<p style=\"text-align: center;\">Et pour la petite histoire, la sc\u00e8ne finale du film Peur sur la ville, avec Jean Paul Belmondo, a \u00e9t\u00e9 tourn\u00e9e \u00e0 la tour Avant-Seine en 1975<\/p>\n<p style=\"text-align: center;\">Charges pr\u00e9visionnelles courante : 540 \u20ac\/mensuelles<br \/>\nDans copropri\u00e9t\u00e9 de : 295 lots<br \/>\nTaxe fonci\u00e8re : 1 717\u20ac<br \/>\nDPE : D-D<\/p>\n<p style=\"text-align: center;\"><strong>Proximit\u00e9 :<\/strong> Charles Michels (Ligne 10) \/ Bir Hakeim (Ligne 6) \/ RER C \/ Bus (30 42 62 70 77)<\/p>\n<p style=\"text-align: center;\">\u2022 Honoraires d\u2019agence charge vendeur<\/p>\n<p style=\"text-align: center;\">Les informations sur les risques auxquels ce bien est expos\u00e9 sont disponibles sur le site G\u00e9orisques&nbsp;<a class=\"GeoHazardsstyled__Link-sc-1ga4zq-2 dBXDqA\" href=\"https:\/\/www.georisques.gouv.fr\/\" target=\"_blank\" rel=\"noopener noreferrer\">https:\/\/www.georisques.gouv.fr<\/a><\/p>\n","protected":false},"excerpt":{"rendered":"<p>MIYAKOPARIS, L\u2019Agence du Front de Seine ! Paris XVe \u2013 Dans un immeuble de bon standing et haute surveillance. Appartement familial de 108,82 m\u00b2 Loi Carrez r\u00e9nov\u00e9 b\u00e9n\u00e9ficiant d\u2019une vue d\u00e9gag\u00e9e sur la Seine et verdoyant gr\u00e2ce \u00e0 des jardins suspendus se compose comme suit : entr\u00e9e, vaste s\u00e9jour de 36m\u00b2,&nbsp;3 chambres, salle de bains, [&hellip;]<\/p>\n","protected":false},"author":2,"featured_media":33286,"parent":0,"menu_order":0,"template":"","property_type":[225],"property_status":[],"property_feature":[235,284,383,238,269,242,287],"property_label":[563],"property_city":[218],"class_list":["post-31161","property","type-property","status-publish","has-post-thumbnail","hentry","property_type-apartment","property_feature-elevators","property_feature-heating-type-collective","property_feature-independent-kitchen","property_feature-quiet","property_feature-reception-24h-24h-en","property_feature-room-3","property_feature-usage-residential","property_label-non-disponible-en","property_city-paris-15e-en"],"property_meta":{"_icl_lang_duplicate_of":["31154"],"_thumbnail_id":["33286"],"_wpml_media_duplicate":["1"],"_wpml_media_featured":["1"],"_wpml_word_count":["{\"total\":249,\"to_translate\":{\"en\":249,\"ja\":249}}"],"theplus_transient_widgets":["a:1:{i:0;s:14:\"tp-mobile-menu\";}"],"houzez_recently_viewed":["2026-04-23 15:11:23"],"houzez_views_by_date":["a:61:{s:10:\"12-25-2025\";i:1;s:10:\"12-26-2025\";i:1;s:10:\"12-27-2025\";i:2;s:10:\"12-29-2025\";i:1;s:10:\"12-31-2025\";i:1;s:10:\"01-03-2026\";i:2;s:10:\"01-05-2026\";i:2;s:10:\"01-06-2026\";i:1;s:10:\"01-08-2026\";i:5;s:10:\"01-09-2026\";i:1;s:10:\"01-10-2026\";i:2;s:10:\"01-12-2026\";i:2;s:10:\"01-14-2026\";i:1;s:10:\"01-17-2026\";i:2;s:10:\"01-19-2026\";i:1;s:10:\"01-20-2026\";i:1;s:10:\"01-21-2026\";i:1;s:10:\"01-22-2026\";i:3;s:10:\"01-23-2026\";i:1;s:10:\"01-28-2026\";i:2;s:10:\"01-29-2026\";i:2;s:10:\"01-30-2026\";i:1;s:10:\"01-31-2026\";i:1;s:10:\"02-02-2026\";i:2;s:10:\"02-03-2026\";i:3;s:10:\"02-04-2026\";i:2;s:10:\"02-05-2026\";i:2;s:10:\"02-06-2026\";i:1;s:10:\"02-08-2026\";i:1;s:10:\"02-09-2026\";i:2;s:10:\"02-11-2026\";i:2;s:10:\"02-12-2026\";i:1;s:10:\"02-17-2026\";i:1;s:10:\"02-19-2026\";i:1;s:10:\"02-20-2026\";i:1;s:10:\"02-22-2026\";i:1;s:10:\"02-24-2026\";i:1;s:10:\"02-25-2026\";i:1;s:10:\"02-28-2026\";i:2;s:10:\"03-03-2026\";i:1;s:10:\"03-04-2026\";i:1;s:10:\"03-05-2026\";i:1;s:10:\"03-11-2026\";i:2;s:10:\"03-12-2026\";i:1;s:10:\"03-15-2026\";i:1;s:10:\"03-17-2026\";i:1;s:10:\"03-18-2026\";i:1;s:10:\"03-20-2026\";i:1;s:10:\"03-21-2026\";i:1;s:10:\"03-23-2026\";i:1;s:10:\"03-25-2026\";i:1;s:10:\"03-29-2026\";i:1;s:10:\"04-01-2026\";i:2;s:10:\"04-03-2026\";i:1;s:10:\"04-04-2026\";i:1;s:10:\"04-10-2026\";i:1;s:10:\"04-14-2026\";i:1;s:10:\"04-15-2026\";i:3;s:10:\"04-16-2026\";i:1;s:10:\"04-19-2026\";i:1;s:10:\"04-23-2026\";i:1;}"],"_yoast_wpseo_primary_property_city":["140"],"_yoast_wpseo_primary_property_label":["561"],"_yoast_wpseo_primary_property_feature":["118"],"_yoast_wpseo_primary_property_status":["35"],"_yoast_wpseo_primary_property_type":["14"],"_houzez_expiration_date_status":["saved"],"houzez_manual_expire":["0"],"houzez_total_property_views":["990"],"fave_single_content_area":["global"],"fave_single_top_area":["global"],"fave_prop_homeslider":["no"],"fave_agents":["4272"],"fave_agent_display_option":["agent_info"],"_wpml_media_has_media":["1"],"fave_loggedintoview":["0"],"houzez_geolocation_lat":["25.68654"],"houzez_geolocation_long":["-80.431345"],"fave_property_map_street_view":["hide"],"fave_featured":["1"],"fave_property_location":["25.68654,-80.431345,15"],"fave_property_map":["1"],"fave_property_id":["1165"],"fave_property_bathrooms":["2"],"fave_property_rooms":["5"],"fave_property_bedrooms":["3"],"fave_property_size":["109"],"fave_property_price":["1080000"],"_yoast_wpseo_estimated-reading-time-minutes":["2"],"_yoast_wpseo_content_score":["90"],"fave_property_images":["33279","33276","33273","33270","33267","33264","33282","33291","33288","33285","33297"],"tp_widgets":["a:2:{s:7:\"widgets\";a:1:{i:0;s:14:\"tp-mobile-menu\";}s:9:\"update_at\";s:10:\"1776885803\";}"],"_elementor_page_assets":["a:0:{}"],"_elementor_css":["a:1:{s:4:\"time\";i:1776949884;}"]},"yoast_head":"<!-- This site is optimized with the Yoast SEO plugin v27.4 - https:\/\/yoast.com\/product\/yoast-seo-wordpress\/ -->\n<title>Appartement 75015 - MiyakoParis<\/title>\n<meta name=\"robots\" content=\"index, follow, max-snippet:-1, max-image-preview:large, max-video-preview:-1\" \/>\n<link rel=\"canonical\" href=\"https:\/\/miyakoparis.com\/en\/property\/appartement-75015-273\/\" \/>\n<meta property=\"og:locale\" content=\"en_US\" \/>\n<meta property=\"og:type\" content=\"article\" \/>\n<meta property=\"og:title\" content=\"Appartement 75015 - MiyakoParis\" \/>\n<meta property=\"og:description\" content=\"MIYAKOPARIS, L\u2019Agence du Front de Seine ! Paris XVe \u2013 Dans un immeuble de bon standing et haute surveillance. Appartement familial de 108,82 m\u00b2 Loi Carrez r\u00e9nov\u00e9 b\u00e9n\u00e9ficiant d\u2019une vue d\u00e9gag\u00e9e sur la Seine et verdoyant gr\u00e2ce \u00e0 des jardins suspendus se compose comme suit : entr\u00e9e, vaste s\u00e9jour de 36m\u00b2,&nbsp;3 chambres, salle de bains, [&hellip;]\" \/>\n<meta property=\"og:url\" content=\"https:\/\/miyakoparis.com\/en\/property\/appartement-75015-273\/\" \/>\n<meta property=\"og:site_name\" content=\"MiyakoParis\" \/>\n<meta property=\"article:publisher\" content=\"https:\/\/www.facebook.com\/search\/top?q=miyakoparis\" \/>\n<meta property=\"article:modified_time\" content=\"2023-11-24T20:14:31+00:00\" \/>\n<meta property=\"og:image\" content=\"https:\/\/miyakoparis.com\/wp-content\/uploads\/2022\/09\/logo-8-5.jpg\" \/>\n\t<meta property=\"og:image:width\" content=\"2000\" \/>\n\t<meta property=\"og:image:height\" content=\"1333\" \/>\n\t<meta property=\"og:image:type\" content=\"image\/jpeg\" \/>\n<meta name=\"twitter:card\" content=\"summary_large_image\" \/>\n<meta name=\"twitter:label1\" content=\"Est. reading time\" \/>\n\t<meta name=\"twitter:data1\" content=\"2 minutes\" \/>\n<script type=\"application\/ld+json\" class=\"yoast-schema-graph\">{\"@context\":\"https:\\\/\\\/schema.org\",\"@graph\":[{\"@type\":\"WebPage\",\"@id\":\"https:\\\/\\\/miyakoparis.com\\\/en\\\/property\\\/appartement-75015-273\\\/\",\"url\":\"https:\\\/\\\/miyakoparis.com\\\/en\\\/property\\\/appartement-75015-273\\\/\",\"name\":\"Appartement 75015 - MiyakoParis\",\"isPartOf\":{\"@id\":\"https:\\\/\\\/miyakoparis.com\\\/en\\\/#website\"},\"primaryImageOfPage\":{\"@id\":\"https:\\\/\\\/miyakoparis.com\\\/en\\\/property\\\/appartement-75015-273\\\/#primaryimage\"},\"image\":{\"@id\":\"https:\\\/\\\/miyakoparis.com\\\/en\\\/property\\\/appartement-75015-273\\\/#primaryimage\"},\"thumbnailUrl\":\"https:\\\/\\\/miyakoparis.com\\\/wp-content\\\/uploads\\\/2022\\\/09\\\/logo-8-5.jpg\",\"datePublished\":\"2023-02-14T14:25:48+00:00\",\"dateModified\":\"2023-11-24T20:14:31+00:00\",\"breadcrumb\":{\"@id\":\"https:\\\/\\\/miyakoparis.com\\\/en\\\/property\\\/appartement-75015-273\\\/#breadcrumb\"},\"inLanguage\":\"en-US\",\"potentialAction\":[{\"@type\":\"ReadAction\",\"target\":[\"https:\\\/\\\/miyakoparis.com\\\/en\\\/property\\\/appartement-75015-273\\\/\"]}]},{\"@type\":\"ImageObject\",\"inLanguage\":\"en-US\",\"@id\":\"https:\\\/\\\/miyakoparis.com\\\/en\\\/property\\\/appartement-75015-273\\\/#primaryimage\",\"url\":\"https:\\\/\\\/miyakoparis.com\\\/wp-content\\\/uploads\\\/2022\\\/09\\\/logo-8-5.jpg\",\"contentUrl\":\"https:\\\/\\\/miyakoparis.com\\\/wp-content\\\/uploads\\\/2022\\\/09\\\/logo-8-5.jpg\",\"width\":2000,\"height\":1333},{\"@type\":\"BreadcrumbList\",\"@id\":\"https:\\\/\\\/miyakoparis.com\\\/en\\\/property\\\/appartement-75015-273\\\/#breadcrumb\",\"itemListElement\":[{\"@type\":\"ListItem\",\"position\":1,\"name\":\"Accueil\",\"item\":\"https:\\\/\\\/miyakoparis.com\\\/en\\\/\"},{\"@type\":\"ListItem\",\"position\":2,\"name\":\"Properties\",\"item\":\"https:\\\/\\\/miyakoparis.com\\\/en\\\/property\\\/\"},{\"@type\":\"ListItem\",\"position\":3,\"name\":\"Appartement 75015\"}]},{\"@type\":\"WebSite\",\"@id\":\"https:\\\/\\\/miyakoparis.com\\\/en\\\/#website\",\"url\":\"https:\\\/\\\/miyakoparis.com\\\/en\\\/\",\"name\":\"MiyakoParis\",\"description\":\"MiyakoParis - Agence immobili\u00e8re internationale - Paris\",\"publisher\":{\"@id\":\"https:\\\/\\\/miyakoparis.com\\\/en\\\/#organization\"},\"potentialAction\":[{\"@type\":\"SearchAction\",\"target\":{\"@type\":\"EntryPoint\",\"urlTemplate\":\"https:\\\/\\\/miyakoparis.com\\\/en\\\/?s={search_term_string}\"},\"query-input\":{\"@type\":\"PropertyValueSpecification\",\"valueRequired\":true,\"valueName\":\"search_term_string\"}}],\"inLanguage\":\"en-US\"},{\"@type\":\"Organization\",\"@id\":\"https:\\\/\\\/miyakoparis.com\\\/en\\\/#organization\",\"name\":\"MiyakoParis\",\"url\":\"https:\\\/\\\/miyakoparis.com\\\/en\\\/\",\"logo\":{\"@type\":\"ImageObject\",\"inLanguage\":\"en-US\",\"@id\":\"https:\\\/\\\/miyakoparis.com\\\/en\\\/#\\\/schema\\\/logo\\\/image\\\/\",\"url\":\"https:\\\/\\\/vibrant-williamson.146-59-155-173.plesk.page\\\/wp-content\\\/uploads\\\/2017\\\/05\\\/logo-miyako.png\",\"contentUrl\":\"https:\\\/\\\/vibrant-williamson.146-59-155-173.plesk.page\\\/wp-content\\\/uploads\\\/2017\\\/05\\\/logo-miyako.png\",\"width\":395,\"height\":79,\"caption\":\"MiyakoParis\"},\"image\":{\"@id\":\"https:\\\/\\\/miyakoparis.com\\\/en\\\/#\\\/schema\\\/logo\\\/image\\\/\"},\"sameAs\":[\"https:\\\/\\\/www.facebook.com\\\/search\\\/top?q=miyakoparis\",\"https:\\\/\\\/www.instagram.com\\\/miyako_paris\\\/?hl=fr\"]}]}<\/script>\n<!-- \/ Yoast SEO plugin. -->","yoast_head_json":{"title":"Appartement 75015 - MiyakoParis","robots":{"index":"index","follow":"follow","max-snippet":"max-snippet:-1","max-image-preview":"max-image-preview:large","max-video-preview":"max-video-preview:-1"},"canonical":"https:\/\/miyakoparis.com\/en\/property\/appartement-75015-273\/","og_locale":"en_US","og_type":"article","og_title":"Appartement 75015 - MiyakoParis","og_description":"MIYAKOPARIS, L\u2019Agence du Front de Seine ! Paris XVe \u2013 Dans un immeuble de bon standing et haute surveillance. Appartement familial de 108,82 m\u00b2 Loi Carrez r\u00e9nov\u00e9 b\u00e9n\u00e9ficiant d\u2019une vue d\u00e9gag\u00e9e sur la Seine et verdoyant gr\u00e2ce \u00e0 des jardins suspendus se compose comme suit : entr\u00e9e, vaste s\u00e9jour de 36m\u00b2,&nbsp;3 chambres, salle de bains, [&hellip;]","og_url":"https:\/\/miyakoparis.com\/en\/property\/appartement-75015-273\/","og_site_name":"MiyakoParis","article_publisher":"https:\/\/www.facebook.com\/search\/top?q=miyakoparis","article_modified_time":"2023-11-24T20:14:31+00:00","og_image":[{"width":2000,"height":1333,"url":"https:\/\/miyakoparis.com\/wp-content\/uploads\/2022\/09\/logo-8-5.jpg","type":"image\/jpeg"}],"twitter_card":"summary_large_image","twitter_misc":{"Est. reading time":"2 minutes"},"schema":{"@context":"https:\/\/schema.org","@graph":[{"@type":"WebPage","@id":"https:\/\/miyakoparis.com\/en\/property\/appartement-75015-273\/","url":"https:\/\/miyakoparis.com\/en\/property\/appartement-75015-273\/","name":"Appartement 75015 - MiyakoParis","isPartOf":{"@id":"https:\/\/miyakoparis.com\/en\/#website"},"primaryImageOfPage":{"@id":"https:\/\/miyakoparis.com\/en\/property\/appartement-75015-273\/#primaryimage"},"image":{"@id":"https:\/\/miyakoparis.com\/en\/property\/appartement-75015-273\/#primaryimage"},"thumbnailUrl":"https:\/\/miyakoparis.com\/wp-content\/uploads\/2022\/09\/logo-8-5.jpg","datePublished":"2023-02-14T14:25:48+00:00","dateModified":"2023-11-24T20:14:31+00:00","breadcrumb":{"@id":"https:\/\/miyakoparis.com\/en\/property\/appartement-75015-273\/#breadcrumb"},"inLanguage":"en-US","potentialAction":[{"@type":"ReadAction","target":["https:\/\/miyakoparis.com\/en\/property\/appartement-75015-273\/"]}]},{"@type":"ImageObject","inLanguage":"en-US","@id":"https:\/\/miyakoparis.com\/en\/property\/appartement-75015-273\/#primaryimage","url":"https:\/\/miyakoparis.com\/wp-content\/uploads\/2022\/09\/logo-8-5.jpg","contentUrl":"https:\/\/miyakoparis.com\/wp-content\/uploads\/2022\/09\/logo-8-5.jpg","width":2000,"height":1333},{"@type":"BreadcrumbList","@id":"https:\/\/miyakoparis.com\/en\/property\/appartement-75015-273\/#breadcrumb","itemListElement":[{"@type":"ListItem","position":1,"name":"Accueil","item":"https:\/\/miyakoparis.com\/en\/"},{"@type":"ListItem","position":2,"name":"Properties","item":"https:\/\/miyakoparis.com\/en\/property\/"},{"@type":"ListItem","position":3,"name":"Appartement 75015"}]},{"@type":"WebSite","@id":"https:\/\/miyakoparis.com\/en\/#website","url":"https:\/\/miyakoparis.com\/en\/","name":"MiyakoParis","description":"MiyakoParis - Agence immobili\u00e8re internationale - Paris","publisher":{"@id":"https:\/\/miyakoparis.com\/en\/#organization"},"potentialAction":[{"@type":"SearchAction","target":{"@type":"EntryPoint","urlTemplate":"https:\/\/miyakoparis.com\/en\/?s={search_term_string}"},"query-input":{"@type":"PropertyValueSpecification","valueRequired":true,"valueName":"search_term_string"}}],"inLanguage":"en-US"},{"@type":"Organization","@id":"https:\/\/miyakoparis.com\/en\/#organization","name":"MiyakoParis","url":"https:\/\/miyakoparis.com\/en\/","logo":{"@type":"ImageObject","inLanguage":"en-US","@id":"https:\/\/miyakoparis.com\/en\/#\/schema\/logo\/image\/","url":"https:\/\/vibrant-williamson.146-59-155-173.plesk.page\/wp-content\/uploads\/2017\/05\/logo-miyako.png","contentUrl":"https:\/\/vibrant-williamson.146-59-155-173.plesk.page\/wp-content\/uploads\/2017\/05\/logo-miyako.png","width":395,"height":79,"caption":"MiyakoParis"},"image":{"@id":"https:\/\/miyakoparis.com\/en\/#\/schema\/logo\/image\/"},"sameAs":["https:\/\/www.facebook.com\/search\/top?q=miyakoparis","https:\/\/www.instagram.com\/miyako_paris\/?hl=fr"]}]}},"_links":{"self":[{"href":"https:\/\/miyakoparis.com\/en\/wp-json\/wp\/v2\/properties\/31161","targetHints":{"allow":["GET"]}}],"collection":[{"href":"https:\/\/miyakoparis.com\/en\/wp-json\/wp\/v2\/properties"}],"about":[{"href":"https:\/\/miyakoparis.com\/en\/wp-json\/wp\/v2\/types\/property"}],"author":[{"embeddable":true,"href":"https:\/\/miyakoparis.com\/en\/wp-json\/wp\/v2\/users\/2"}],"version-history":[{"count":0,"href":"https:\/\/miyakoparis.com\/en\/wp-json\/wp\/v2\/properties\/31161\/revisions"}],"wp:featuredmedia":[{"embeddable":true,"href":"https:\/\/miyakoparis.com\/en\/wp-json\/wp\/v2\/media\/33286"}],"wp:attachment":[{"href":"https:\/\/miyakoparis.com\/en\/wp-json\/wp\/v2\/media?parent=31161"}],"wp:term":[{"taxonomy":"property_type","embeddable":true,"href":"https:\/\/miyakoparis.com\/en\/wp-json\/wp\/v2\/property_type?post=31161"},{"taxonomy":"property_status","embeddable":true,"href":"https:\/\/miyakoparis.com\/en\/wp-json\/wp\/v2\/property_status?post=31161"},{"taxonomy":"property_feature","embeddable":true,"href":"https:\/\/miyakoparis.com\/en\/wp-json\/wp\/v2\/property_feature?post=31161"},{"taxonomy":"property_label","embeddable":true,"href":"https:\/\/miyakoparis.com\/en\/wp-json\/wp\/v2\/property_label?post=31161"},{"taxonomy":"property_city","embeddable":true,"href":"https:\/\/miyakoparis.com\/en\/wp-json\/wp\/v2\/property_city?post=31161"}],"curies":[{"name":"wp","href":"https:\/\/api.w.org\/{rel}","templated":true}]}}