{"id":37798,"date":"2024-03-26T19:53:11","date_gmt":"2024-03-26T18:53:11","guid":{"rendered":"https:\/\/vibrant-williamson.146-59-155-173.plesk.page\/property\/appartement-75015-346\/"},"modified":"2024-07-18T19:15:37","modified_gmt":"2024-07-18T17:15:37","slug":"appartement-75015-346","status":"publish","type":"property","link":"https:\/\/miyakoparis.com\/en\/property\/appartement-75015-346\/","title":{"rendered":"Appartement 75015"},"content":{"rendered":"\r\n<p class=\"has-text-align-center\" style=\"text-align: center;\"><strong>UN\u00a0EXT\u00c9RIEUR DANS LE CIEL \u2013 Paris XVe\u00a0\u2013 Venez d\u00e9couvrir sans attendre<\/strong> ce\u00a0<strong>2\/3 pi\u00e8ces baign\u00e9 de soleil<\/strong>\u00a0de\u00a0<strong>83.60m\u00b2<\/strong>\u00a0Loi Carrez <strong>r\u00e9nov\u00e9 enti\u00e8rement par un architecte esprit boudoir seventies <\/strong>b\u00e9n\u00e9ficiant d\u2019une\u00a0<strong>vue dominante et a\u00e9rienne sur Paris et Monuments<\/strong>\u00a0compos\u00e9 comme suit : entr\u00e9e, <strong>double s\u00e9jour d\u2019angle ceintur\u00e9 de baies vitr\u00e9es <\/strong>ouvrant sur une <strong>belle loggia de 11m\u00b2 avec vues panoramiques<\/strong>, cuisine ind\u00e9pendante am\u00e9nag\u00e9e (US possible), <strong>1 chambre avec son dressing<\/strong>, salle de douche et ses toilettes, WC invit\u00e9s.<br \/><br \/><strong>D\u00e9coration raffin\u00e9e et mobilier sur-mesure. Rare.<\/strong> <strong>Ravalement fa\u00e7ade pay\u00e9 et achev\u00e9.<\/strong> <br \/><br \/><strong>Venez d\u00e9couvrir un nouvel environnement, un nouvel art de vivre.<\/strong><\/p>\r\n\r\n\r\n\r\n<p class=\"has-text-align-center\" style=\"text-align: center;\">A deux pas du\u00a0<strong>Centre Beaugrenelle.<\/strong><\/p>\r\n\r\n\r\n\r\n<p class=\"has-text-align-center\" style=\"text-align: center;\">Chauffage et eau chaude collectifs.<\/p>\r\n\r\n\r\n\r\n<p class=\"has-text-align-center\" style=\"text-align: center;\"><strong>Services \u2192<\/strong>\u00a04 Ascenseurs. Gardien 24H\/24H. Interphone. 1 cave. <strong>Parking en concession dans l\u2019immeuble en SUS.<\/strong><\/p>\r\n\r\n\r\n\r\n<p class=\"has-text-align-center\" style=\"text-align: center;\"><strong>Bon \u00e0 savoir ?<\/strong><\/p>\r\n\r\n\r\n\r\n<p class=\"has-text-align-center\" style=\"text-align: center;\">Hauteur du toit \u2192 98 m<br \/>\u00c9tages \u2192 32<br \/>Bruit \u2192\u00a0 Sol en B\u00e9ton formant une protection acoustique indispensable contre les bruits<\/p>\r\n\r\n\r\n\r\n<p class=\"has-text-align-center\" style=\"text-align: center;\"><strong>Proximit\u00e9 :<\/strong>\u00a0Charles Michels (Ligne 10) \/ Bir-Hakeim (Ligne 6) \/ RER C Javel \/ Bus (30 42 62 70 77)<\/p>\r\n\r\n\r\n\r\n<p class=\"has-text-align-center\" style=\"text-align: center;\">Charges pr\u00e9visionnelles courante : 630\u20ac\/mensuelles<br \/>Syndicat des copropri\u00e9taires : Pas de proc\u00e9dure en cours<br \/>Dans copropri\u00e9t\u00e9 de : 200 lots<br \/>Taxe fonci\u00e8re : 2 180\u20ac<br \/>DPE : D<\/p>\r\n\r\n\r\n\r\n<p class=\"has-text-align-center\" style=\"text-align: center;\">\u2022 Honoraires \u00e0 la charge du vendeur<\/p>\r\n","protected":false},"excerpt":{"rendered":"<p>UN\u00a0EXT\u00c9RIEUR DANS LE CIEL \u2013 Paris XVe\u00a0\u2013 Venez d\u00e9couvrir sans attendre ce\u00a02\/3 pi\u00e8ces baign\u00e9 de soleil\u00a0de\u00a083.60m\u00b2\u00a0Loi Carrez r\u00e9nov\u00e9 enti\u00e8rement par un architecte esprit boudoir seventies b\u00e9n\u00e9ficiant d\u2019une\u00a0vue dominante et a\u00e9rienne sur Paris et Monuments\u00a0compos\u00e9 comme suit : entr\u00e9e, double s\u00e9jour d\u2019angle ceintur\u00e9 de baies vitr\u00e9es ouvrant sur une belle loggia de 11m\u00b2 avec vues panoramiques, [&hellip;]<\/p>\n","protected":false},"author":2,"featured_media":37850,"parent":0,"menu_order":0,"template":"","property_type":[225],"property_status":[232],"property_feature":[479,239,235,284,392,383,269,240,287,274],"property_label":[578,569],"property_city":[218],"class_list":["post-37798","property","type-property","status-publish","has-post-thumbnail","hentry","property_type-apartment","property_status-to-sell","property_feature-balcony","property_feature-cellar","property_feature-elevators","property_feature-heating-type-collective","property_feature-in-a-perfect-state","property_feature-independent-kitchen","property_feature-reception-24h-24h-en","property_feature-room-1","property_feature-usage-residential","property_feature-view-aerial","property_label-vendu-par-miyakoparis-en","property_label-teaser-disponible-en","property_city-paris-15e-en"],"property_meta":{"_yoast_wpseo_wordproof_timestamp":[""],"houzez_featured_listing_date":["2024-03-26 19:55:21"],"_icl_lang_duplicate_of":["37757"],"_thumbnail_id":["37850"],"tp_widgets":["a:2:{s:7:\"widgets\";a:1:{i:0;s:14:\"tp-mobile-menu\";}s:9:\"update_at\";s:10:\"1776975949\";}"],"_wpml_word_count":["{\"total\":211,\"to_translate\":{\"en\":211,\"ja\":211}}"],"fave_property_price":["950000"],"fave_property_size":["94"],"fave_property_bedrooms":["1"],"fave_property_rooms":["3"],"fave_property_bathrooms":["1"],"fave_property_id":["2072"],"fave_property_map":["1"],"fave_property_location":["25.68654,-80.431345,15"],"houzez_geolocation_lat":["25.68654"],"houzez_geolocation_long":["-80.431345"],"fave_property_map_street_view":["hide"],"fave_featured":["1"],"fave_loggedintoview":["0"],"fave_agent_display_option":["agent_info"],"fave_prop_homeslider":["no"],"fave_single_top_area":["global"],"fave_single_content_area":["global"],"houzez_manual_expire":["0"],"_houzez_expiration_date_status":["saved"],"_wpml_media_duplicate":["1"],"_wpml_media_featured":["1"],"_yoast_wpseo_primary_property_type":["14"],"_yoast_wpseo_primary_property_status":["35"],"_yoast_wpseo_primary_property_feature":[""],"_yoast_wpseo_primary_property_label":["567"],"_yoast_wpseo_primary_property_city":["140"],"_yoast_wpseo_content_score":["90"],"_yoast_wpseo_estimated-reading-time-minutes":["2"],"fave_agents":["4272"],"houzez_total_property_views":["1231"],"houzez_views_by_date":["a:61:{s:10:\"12-10-2025\";i:2;s:10:\"12-13-2025\";i:1;s:10:\"12-14-2025\";i:2;s:10:\"12-15-2025\";i:1;s:10:\"12-16-2025\";i:1;s:10:\"12-21-2025\";i:2;s:10:\"12-25-2025\";i:1;s:10:\"12-26-2025\";i:1;s:10:\"01-02-2026\";i:1;s:10:\"01-05-2026\";i:2;s:10:\"01-06-2026\";i:5;s:10:\"01-07-2026\";i:1;s:10:\"01-08-2026\";i:2;s:10:\"01-10-2026\";i:1;s:10:\"01-12-2026\";i:1;s:10:\"01-17-2026\";i:2;s:10:\"01-19-2026\";i:1;s:10:\"01-20-2026\";i:1;s:10:\"01-22-2026\";i:1;s:10:\"01-23-2026\";i:1;s:10:\"01-24-2026\";i:1;s:10:\"01-25-2026\";i:1;s:10:\"01-26-2026\";i:1;s:10:\"01-28-2026\";i:1;s:10:\"01-30-2026\";i:1;s:10:\"02-02-2026\";i:2;s:10:\"02-05-2026\";i:1;s:10:\"02-06-2026\";i:3;s:10:\"02-07-2026\";i:2;s:10:\"02-09-2026\";i:1;s:10:\"02-10-2026\";i:1;s:10:\"02-14-2026\";i:2;s:10:\"02-15-2026\";i:2;s:10:\"02-17-2026\";i:1;s:10:\"02-20-2026\";i:1;s:10:\"02-22-2026\";i:1;s:10:\"02-25-2026\";i:1;s:10:\"03-03-2026\";i:1;s:10:\"03-05-2026\";i:1;s:10:\"03-07-2026\";i:1;s:10:\"03-12-2026\";i:2;s:10:\"03-13-2026\";i:1;s:10:\"03-17-2026\";i:1;s:10:\"03-19-2026\";i:1;s:10:\"03-20-2026\";i:2;s:10:\"03-23-2026\";i:1;s:10:\"03-27-2026\";i:1;s:10:\"03-28-2026\";i:1;s:10:\"03-29-2026\";i:1;s:10:\"03-30-2026\";i:2;s:10:\"03-31-2026\";i:1;s:10:\"04-04-2026\";i:1;s:10:\"04-05-2026\";i:3;s:10:\"04-08-2026\";i:1;s:10:\"04-10-2026\";i:1;s:10:\"04-11-2026\";i:1;s:10:\"04-12-2026\";i:1;s:10:\"04-15-2026\";i:3;s:10:\"04-18-2026\";i:2;s:10:\"04-19-2026\";i:1;s:10:\"04-26-2026\";i:1;}"],"houzez_recently_viewed":["2026-04-26 05:23:26"],"theplus_transient_widgets":["a:1:{i:0;s:14:\"tp-mobile-menu\";}"],"fave_property_images":["37758","37761","37764","37767","37773","37770","37785","37782","37779","37776","37788","37791","37794","37807","37810","37816","37825","37834","37828","37831"],"fave_video_url":["https:\/\/www.youtube.com\/watch?v=8M8AMwN7AxE&t=1s"],"_wpml_media_has_media":["1"],"wp-smush-lcp-data-f8364b819921c143ab4af04e3a3a783b":["a:7:{s:8:\"selector\";s:14:\"#pills-gallery\";s:14:\"selector_xpath\";s:49:\"\/html\/body\/main\/section\/div[3]\/div\/div[1]\/div\/div\";s:11:\"selector_id\";s:13:\"pills-gallery\";s:14:\"selector_class\";s:20:\"tab-pane show active\";s:9:\"image_url\";s:99:\"https:\/\/miyakoparis.com\/wp-content\/smush-webp\/2024\/03\/Capture-decran-2024-03-27-a-20.55.46.png.webp\";s:15:\"background_data\";a:2:{s:4:\"type\";s:16:\"background-image\";s:4:\"urls\";a:1:{i:0;s:99:\"https:\/\/miyakoparis.com\/wp-content\/smush-webp\/2024\/03\/Capture-decran-2024-03-27-a-20.55.46.png.webp\";}}s:7:\"version\";i:0;}"],"_elementor_page_assets":["a:0:{}"],"_elementor_css":["a:1:{s:4:\"time\";i:1777173807;}"]},"yoast_head":"<!-- This site is optimized with the Yoast SEO plugin v27.4 - https:\/\/yoast.com\/product\/yoast-seo-wordpress\/ -->\n<title>Appartement 75015 - MiyakoParis<\/title>\n<meta name=\"robots\" content=\"index, follow, max-snippet:-1, max-image-preview:large, max-video-preview:-1\" \/>\n<link rel=\"canonical\" href=\"https:\/\/miyakoparis.com\/en\/property\/appartement-75015-346\/\" \/>\n<meta property=\"og:locale\" content=\"en_US\" \/>\n<meta property=\"og:type\" content=\"article\" \/>\n<meta property=\"og:title\" content=\"Appartement 75015 - MiyakoParis\" \/>\n<meta property=\"og:description\" content=\"UN\u00a0EXT\u00c9RIEUR DANS LE CIEL \u2013 Paris XVe\u00a0\u2013 Venez d\u00e9couvrir sans attendre ce\u00a02\/3 pi\u00e8ces baign\u00e9 de soleil\u00a0de\u00a083.60m\u00b2\u00a0Loi Carrez r\u00e9nov\u00e9 enti\u00e8rement par un architecte esprit boudoir seventies b\u00e9n\u00e9ficiant d\u2019une\u00a0vue dominante et a\u00e9rienne sur Paris et Monuments\u00a0compos\u00e9 comme suit : entr\u00e9e, double s\u00e9jour d\u2019angle ceintur\u00e9 de baies vitr\u00e9es ouvrant sur une belle loggia de 11m\u00b2 avec vues panoramiques, [&hellip;]\" \/>\n<meta property=\"og:url\" content=\"https:\/\/miyakoparis.com\/en\/property\/appartement-75015-346\/\" \/>\n<meta property=\"og:site_name\" content=\"MiyakoParis\" \/>\n<meta property=\"article:publisher\" content=\"https:\/\/www.facebook.com\/search\/top?q=miyakoparis\" \/>\n<meta property=\"article:modified_time\" content=\"2024-07-18T17:15:37+00:00\" \/>\n<meta property=\"og:image\" content=\"https:\/\/miyakoparis.com\/wp-content\/uploads\/2024\/03\/Capture-decran-2024-03-27-a-20.55.46-1024x683.png\" \/>\n\t<meta property=\"og:image:width\" content=\"1024\" \/>\n\t<meta property=\"og:image:height\" content=\"683\" \/>\n\t<meta property=\"og:image:type\" content=\"image\/png\" \/>\n<meta name=\"twitter:card\" content=\"summary_large_image\" \/>\n<meta name=\"twitter:label1\" content=\"Est. reading time\" \/>\n\t<meta name=\"twitter:data1\" content=\"2 minutes\" \/>\n<script type=\"application\/ld+json\" class=\"yoast-schema-graph\">{\"@context\":\"https:\\\/\\\/schema.org\",\"@graph\":[{\"@type\":\"WebPage\",\"@id\":\"https:\\\/\\\/miyakoparis.com\\\/en\\\/property\\\/appartement-75015-346\\\/\",\"url\":\"https:\\\/\\\/miyakoparis.com\\\/en\\\/property\\\/appartement-75015-346\\\/\",\"name\":\"Appartement 75015 - MiyakoParis\",\"isPartOf\":{\"@id\":\"https:\\\/\\\/miyakoparis.com\\\/en\\\/#website\"},\"primaryImageOfPage\":{\"@id\":\"https:\\\/\\\/miyakoparis.com\\\/en\\\/property\\\/appartement-75015-346\\\/#primaryimage\"},\"image\":{\"@id\":\"https:\\\/\\\/miyakoparis.com\\\/en\\\/property\\\/appartement-75015-346\\\/#primaryimage\"},\"thumbnailUrl\":\"https:\\\/\\\/miyakoparis.com\\\/wp-content\\\/uploads\\\/2024\\\/03\\\/Capture-decran-2024-03-27-a-20.55.46.png\",\"datePublished\":\"2024-03-26T18:53:11+00:00\",\"dateModified\":\"2024-07-18T17:15:37+00:00\",\"breadcrumb\":{\"@id\":\"https:\\\/\\\/miyakoparis.com\\\/en\\\/property\\\/appartement-75015-346\\\/#breadcrumb\"},\"inLanguage\":\"en-US\",\"potentialAction\":[{\"@type\":\"ReadAction\",\"target\":[\"https:\\\/\\\/miyakoparis.com\\\/en\\\/property\\\/appartement-75015-346\\\/\"]}]},{\"@type\":\"ImageObject\",\"inLanguage\":\"en-US\",\"@id\":\"https:\\\/\\\/miyakoparis.com\\\/en\\\/property\\\/appartement-75015-346\\\/#primaryimage\",\"url\":\"https:\\\/\\\/miyakoparis.com\\\/wp-content\\\/uploads\\\/2024\\\/03\\\/Capture-decran-2024-03-27-a-20.55.46.png\",\"contentUrl\":\"https:\\\/\\\/miyakoparis.com\\\/wp-content\\\/uploads\\\/2024\\\/03\\\/Capture-decran-2024-03-27-a-20.55.46.png\",\"width\":2005,\"height\":1338},{\"@type\":\"BreadcrumbList\",\"@id\":\"https:\\\/\\\/miyakoparis.com\\\/en\\\/property\\\/appartement-75015-346\\\/#breadcrumb\",\"itemListElement\":[{\"@type\":\"ListItem\",\"position\":1,\"name\":\"Accueil\",\"item\":\"https:\\\/\\\/miyakoparis.com\\\/en\\\/\"},{\"@type\":\"ListItem\",\"position\":2,\"name\":\"Properties\",\"item\":\"https:\\\/\\\/miyakoparis.com\\\/en\\\/property\\\/\"},{\"@type\":\"ListItem\",\"position\":3,\"name\":\"Appartement 75015\"}]},{\"@type\":\"WebSite\",\"@id\":\"https:\\\/\\\/miyakoparis.com\\\/en\\\/#website\",\"url\":\"https:\\\/\\\/miyakoparis.com\\\/en\\\/\",\"name\":\"MiyakoParis\",\"description\":\"MiyakoParis - Agence immobili\u00e8re internationale - Paris\",\"publisher\":{\"@id\":\"https:\\\/\\\/miyakoparis.com\\\/en\\\/#organization\"},\"potentialAction\":[{\"@type\":\"SearchAction\",\"target\":{\"@type\":\"EntryPoint\",\"urlTemplate\":\"https:\\\/\\\/miyakoparis.com\\\/en\\\/?s={search_term_string}\"},\"query-input\":{\"@type\":\"PropertyValueSpecification\",\"valueRequired\":true,\"valueName\":\"search_term_string\"}}],\"inLanguage\":\"en-US\"},{\"@type\":\"Organization\",\"@id\":\"https:\\\/\\\/miyakoparis.com\\\/en\\\/#organization\",\"name\":\"MiyakoParis\",\"url\":\"https:\\\/\\\/miyakoparis.com\\\/en\\\/\",\"logo\":{\"@type\":\"ImageObject\",\"inLanguage\":\"en-US\",\"@id\":\"https:\\\/\\\/miyakoparis.com\\\/en\\\/#\\\/schema\\\/logo\\\/image\\\/\",\"url\":\"https:\\\/\\\/vibrant-williamson.146-59-155-173.plesk.page\\\/wp-content\\\/uploads\\\/2017\\\/05\\\/logo-miyako.png\",\"contentUrl\":\"https:\\\/\\\/vibrant-williamson.146-59-155-173.plesk.page\\\/wp-content\\\/uploads\\\/2017\\\/05\\\/logo-miyako.png\",\"width\":395,\"height\":79,\"caption\":\"MiyakoParis\"},\"image\":{\"@id\":\"https:\\\/\\\/miyakoparis.com\\\/en\\\/#\\\/schema\\\/logo\\\/image\\\/\"},\"sameAs\":[\"https:\\\/\\\/www.facebook.com\\\/search\\\/top?q=miyakoparis\",\"https:\\\/\\\/www.instagram.com\\\/miyako_paris\\\/?hl=fr\"]}]}<\/script>\n<!-- \/ Yoast SEO plugin. -->","yoast_head_json":{"title":"Appartement 75015 - MiyakoParis","robots":{"index":"index","follow":"follow","max-snippet":"max-snippet:-1","max-image-preview":"max-image-preview:large","max-video-preview":"max-video-preview:-1"},"canonical":"https:\/\/miyakoparis.com\/en\/property\/appartement-75015-346\/","og_locale":"en_US","og_type":"article","og_title":"Appartement 75015 - MiyakoParis","og_description":"UN\u00a0EXT\u00c9RIEUR DANS LE CIEL \u2013 Paris XVe\u00a0\u2013 Venez d\u00e9couvrir sans attendre ce\u00a02\/3 pi\u00e8ces baign\u00e9 de soleil\u00a0de\u00a083.60m\u00b2\u00a0Loi Carrez r\u00e9nov\u00e9 enti\u00e8rement par un architecte esprit boudoir seventies b\u00e9n\u00e9ficiant d\u2019une\u00a0vue dominante et a\u00e9rienne sur Paris et Monuments\u00a0compos\u00e9 comme suit : entr\u00e9e, double s\u00e9jour d\u2019angle ceintur\u00e9 de baies vitr\u00e9es ouvrant sur une belle loggia de 11m\u00b2 avec vues panoramiques, [&hellip;]","og_url":"https:\/\/miyakoparis.com\/en\/property\/appartement-75015-346\/","og_site_name":"MiyakoParis","article_publisher":"https:\/\/www.facebook.com\/search\/top?q=miyakoparis","article_modified_time":"2024-07-18T17:15:37+00:00","og_image":[{"width":1024,"height":683,"url":"https:\/\/miyakoparis.com\/wp-content\/uploads\/2024\/03\/Capture-decran-2024-03-27-a-20.55.46-1024x683.png","type":"image\/png"}],"twitter_card":"summary_large_image","twitter_misc":{"Est. reading time":"2 minutes"},"schema":{"@context":"https:\/\/schema.org","@graph":[{"@type":"WebPage","@id":"https:\/\/miyakoparis.com\/en\/property\/appartement-75015-346\/","url":"https:\/\/miyakoparis.com\/en\/property\/appartement-75015-346\/","name":"Appartement 75015 - MiyakoParis","isPartOf":{"@id":"https:\/\/miyakoparis.com\/en\/#website"},"primaryImageOfPage":{"@id":"https:\/\/miyakoparis.com\/en\/property\/appartement-75015-346\/#primaryimage"},"image":{"@id":"https:\/\/miyakoparis.com\/en\/property\/appartement-75015-346\/#primaryimage"},"thumbnailUrl":"https:\/\/miyakoparis.com\/wp-content\/uploads\/2024\/03\/Capture-decran-2024-03-27-a-20.55.46.png","datePublished":"2024-03-26T18:53:11+00:00","dateModified":"2024-07-18T17:15:37+00:00","breadcrumb":{"@id":"https:\/\/miyakoparis.com\/en\/property\/appartement-75015-346\/#breadcrumb"},"inLanguage":"en-US","potentialAction":[{"@type":"ReadAction","target":["https:\/\/miyakoparis.com\/en\/property\/appartement-75015-346\/"]}]},{"@type":"ImageObject","inLanguage":"en-US","@id":"https:\/\/miyakoparis.com\/en\/property\/appartement-75015-346\/#primaryimage","url":"https:\/\/miyakoparis.com\/wp-content\/uploads\/2024\/03\/Capture-decran-2024-03-27-a-20.55.46.png","contentUrl":"https:\/\/miyakoparis.com\/wp-content\/uploads\/2024\/03\/Capture-decran-2024-03-27-a-20.55.46.png","width":2005,"height":1338},{"@type":"BreadcrumbList","@id":"https:\/\/miyakoparis.com\/en\/property\/appartement-75015-346\/#breadcrumb","itemListElement":[{"@type":"ListItem","position":1,"name":"Accueil","item":"https:\/\/miyakoparis.com\/en\/"},{"@type":"ListItem","position":2,"name":"Properties","item":"https:\/\/miyakoparis.com\/en\/property\/"},{"@type":"ListItem","position":3,"name":"Appartement 75015"}]},{"@type":"WebSite","@id":"https:\/\/miyakoparis.com\/en\/#website","url":"https:\/\/miyakoparis.com\/en\/","name":"MiyakoParis","description":"MiyakoParis - Agence immobili\u00e8re internationale - Paris","publisher":{"@id":"https:\/\/miyakoparis.com\/en\/#organization"},"potentialAction":[{"@type":"SearchAction","target":{"@type":"EntryPoint","urlTemplate":"https:\/\/miyakoparis.com\/en\/?s={search_term_string}"},"query-input":{"@type":"PropertyValueSpecification","valueRequired":true,"valueName":"search_term_string"}}],"inLanguage":"en-US"},{"@type":"Organization","@id":"https:\/\/miyakoparis.com\/en\/#organization","name":"MiyakoParis","url":"https:\/\/miyakoparis.com\/en\/","logo":{"@type":"ImageObject","inLanguage":"en-US","@id":"https:\/\/miyakoparis.com\/en\/#\/schema\/logo\/image\/","url":"https:\/\/vibrant-williamson.146-59-155-173.plesk.page\/wp-content\/uploads\/2017\/05\/logo-miyako.png","contentUrl":"https:\/\/vibrant-williamson.146-59-155-173.plesk.page\/wp-content\/uploads\/2017\/05\/logo-miyako.png","width":395,"height":79,"caption":"MiyakoParis"},"image":{"@id":"https:\/\/miyakoparis.com\/en\/#\/schema\/logo\/image\/"},"sameAs":["https:\/\/www.facebook.com\/search\/top?q=miyakoparis","https:\/\/www.instagram.com\/miyako_paris\/?hl=fr"]}]}},"_links":{"self":[{"href":"https:\/\/miyakoparis.com\/en\/wp-json\/wp\/v2\/properties\/37798","targetHints":{"allow":["GET"]}}],"collection":[{"href":"https:\/\/miyakoparis.com\/en\/wp-json\/wp\/v2\/properties"}],"about":[{"href":"https:\/\/miyakoparis.com\/en\/wp-json\/wp\/v2\/types\/property"}],"author":[{"embeddable":true,"href":"https:\/\/miyakoparis.com\/en\/wp-json\/wp\/v2\/users\/2"}],"version-history":[{"count":1,"href":"https:\/\/miyakoparis.com\/en\/wp-json\/wp\/v2\/properties\/37798\/revisions"}],"predecessor-version":[{"id":39292,"href":"https:\/\/miyakoparis.com\/en\/wp-json\/wp\/v2\/properties\/37798\/revisions\/39292"}],"wp:featuredmedia":[{"embeddable":true,"href":"https:\/\/miyakoparis.com\/en\/wp-json\/wp\/v2\/media\/37850"}],"wp:attachment":[{"href":"https:\/\/miyakoparis.com\/en\/wp-json\/wp\/v2\/media?parent=37798"}],"wp:term":[{"taxonomy":"property_type","embeddable":true,"href":"https:\/\/miyakoparis.com\/en\/wp-json\/wp\/v2\/property_type?post=37798"},{"taxonomy":"property_status","embeddable":true,"href":"https:\/\/miyakoparis.com\/en\/wp-json\/wp\/v2\/property_status?post=37798"},{"taxonomy":"property_feature","embeddable":true,"href":"https:\/\/miyakoparis.com\/en\/wp-json\/wp\/v2\/property_feature?post=37798"},{"taxonomy":"property_label","embeddable":true,"href":"https:\/\/miyakoparis.com\/en\/wp-json\/wp\/v2\/property_label?post=37798"},{"taxonomy":"property_city","embeddable":true,"href":"https:\/\/miyakoparis.com\/en\/wp-json\/wp\/v2\/property_city?post=37798"}],"curies":[{"name":"wp","href":"https:\/\/api.w.org\/{rel}","templated":true}]}}