{"id":38708,"date":"2024-07-13T18:48:57","date_gmt":"2024-07-13T16:48:57","guid":{"rendered":"https:\/\/miyakoparis.com\/property\/appartement-75015-354\/"},"modified":"2024-07-25T17:46:35","modified_gmt":"2024-07-25T15:46:35","slug":"appartement-75015-354","status":"publish","type":"property","link":"https:\/\/miyakoparis.com\/en\/property\/appartement-75015-354\/","title":{"rendered":"Appartement 75015"},"content":{"rendered":"<p style=\"text-align: center;\"><strong>VUE DOMINANTE SEINE \/ TOUR EIFFEL<\/strong> \u2013 Paris XVe \u2013\u00a0Situ\u00e9 dans\u00a0la<strong>\u00a0Tour la plus pris\u00e9e<\/strong>,\u00a0venez d\u00e9couvrir cet\u00a0appartement de <strong>100,56m\u00b2\u00a0Loi Carrez<\/strong>\u00a0avec<strong> trois balcons de 13,15m\u00b2<\/strong>\u00a0b\u00e9n\u00e9ficiant d\u2019une<strong>\u00a0vue dominante sur la Seine , Paris et partielle sur la Tour Eiffel.<\/strong><\/p>\n<p style=\"text-align: center;\">Il se compose comme suit : entr\u00e9e, vaste s\u00e9jour,<b>\u00a01 chambre <\/b>avec douche<b>, 1 suite parentale <\/b>avec sa salle de bains et WC<b>,<\/b>WC s\u00e9par\u00e9s, cuisine am\u00e9ricaine \u00e9quip\u00e9e\u00a0et<strong> 3\u00a0balcons angulaires.<\/strong>\u00a0Rare.<\/p>\n<p style=\"text-align: center;\">\u00c0 deux pas du centre Beaugrenelle.<\/p>\n<p style=\"text-align: center;\">Chauffage et eau chaude collectifs.<\/p>\n<p style=\"text-align: center;\"><strong>Services :<\/strong> Interphone.\u00a03 Ascenseurs.\u00a0Gardien 24H\/24H.\u00a0<strong>Parking. Cave<\/strong><\/p>\n<p style=\"text-align: center;\"><strong>Bon \u00e0 savoir?<\/strong><\/p>\n<p style=\"text-align: center;\">Le hall d\u2019entr\u00e9e a \u00e9t\u00e9 d\u00e9cor\u00e9 par l\u2019artiste Yvette Vincent-Alleaume, et c\u2019est l\u2019artiste Salvador Dali qui signe la plaquette commerciale de la tour en 1976.<\/p>\n<p style=\"text-align: center;\">Architecte \u2192 MM. Androult,\u00a0Parat<br \/>\nConstruction \u2192 1979<br \/>\nUsage \u2192 R\u00e9sidentiel<br \/>\nBruit \u2192\u00a0 Sol en B\u00e9ton formant une protection acoustique indispensable contre les bruits<\/p>\n<p style=\"text-align: center;\"><strong>Proximit\u00e9 :<\/strong>\u00a0Charles Michels (Ligne 10) \/ Bir-Hakeim (Ligne 6) \/ RER C Javel \u2013 Bus (30 42 62 70 77)<\/p>\n<p style=\"text-align: center;\"><strong>D\u00e9tail Loyer :<\/strong> 5 250 \u20ac \/ mois CC dont provisions sur charges avec r\u00e9gularisation annuelle : 500 \u20ac et dont compl\u00e9ment de loyer : 1\u00a0 600 \u20ac<br \/>\nLoyer de r\u00e9f\u00e9rence major\u00e9 : 30,20 \u20ac\/ m\u00b2<br \/>\nD\u00e9p\u00f4t de garantie : 9 500 \u20ac<\/p>\n<p style=\"text-align: center;\"><strong>Honoraires charge locataire :<\/strong><br \/>\n1. Location loi 89 (R\u00e9sidence principale du locataire)<br \/>\nPrestations de visite, constitution du dossier, r\u00e9daction du bail : 12 \u20ac\/m\u00b2<br \/>\nEtat des lieux : 3 \u20ac\/m\u00b2<br \/>\nSoit 15 \u20ac\/m\u00b2 TTC<\/p>\n<p style=\"text-align: center;\">2. Bail code civil (Bail soci\u00e9t\u00e9 ou r\u00e9sidence secondaire du locataire)<br \/>\nLocataire : 12% du loyer annuel hors charges + TVA (20%)<\/p>\n<p style=\"text-align: center;\"><strong>DPE :<\/strong>\u00a0D\/D<\/p>\n","protected":false},"excerpt":{"rendered":"<p>VUE DOMINANTE SEINE \/ TOUR EIFFEL \u2013 Paris XVe \u2013\u00a0Situ\u00e9 dans\u00a0la\u00a0Tour la plus pris\u00e9e,\u00a0venez d\u00e9couvrir cet\u00a0appartement de 100,56m\u00b2\u00a0Loi Carrez\u00a0avec trois balcons de 13,15m\u00b2\u00a0b\u00e9n\u00e9ficiant d\u2019une\u00a0vue dominante sur la Seine , Paris et partielle sur la Tour Eiffel. Il se compose comme suit : entr\u00e9e, vaste s\u00e9jour,\u00a01 chambre avec douche, 1 suite parentale avec sa salle de [&hellip;]<\/p>\n","protected":false},"author":2,"featured_media":38693,"parent":0,"menu_order":0,"template":"","property_type":[225],"property_status":[231],"property_feature":[247,239,270,235,393,284,263,269,241,288,287,274],"property_label":[563,596],"property_city":[218],"class_list":["post-38708","property","type-property","status-publish","has-post-thumbnail","hentry","property_type-apartment","property_status-to-rent","property_feature-american-kitchen","property_feature-cellar","property_feature-eiffel-seine-tower","property_feature-elevators","property_feature-furniture","property_feature-heating-type-collective","property_feature-parking-en","property_feature-reception-24h-24h-en","property_feature-room-2","property_feature-salle-de-bains-2-en","property_feature-usage-residential","property_feature-view-aerial","property_label-non-disponible-en","property_label-loue-par-miyakoparis-loue-par-miyakoparis-en","property_city-paris-15e-en"],"property_meta":{"houzez_featured_listing_date":["2024-06-08 18:24:05"],"_yoast_wpseo_wordproof_timestamp":[""],"_icl_lang_duplicate_of":["38634"],"_thumbnail_id":["38693"],"tp_widgets":["a:2:{s:7:\"widgets\";a:1:{i:0;s:14:\"tp-mobile-menu\";}s:9:\"update_at\";s:10:\"1776975949\";}"],"cmplz_hide_cookiebanner":[""],"fave_property_id":["2080"],"_wpml_word_count":["{\"total\":276,\"to_translate\":{\"en\":276,\"ja\":276}}"],"fave_property_price":["5250"],"fave_show_price_placeholder":["0"],"fave_property_size":["101"],"fave_property_bedrooms":["2"],"fave_property_rooms":["3"],"fave_property_bathrooms":["2"],"fave_property_map":["1"],"fave_property_location":["25.68654,-80.431345,15"],"houzez_geolocation_lat":["25.68654"],"houzez_geolocation_long":["-80.431345"],"fave_property_map_street_view":["hide"],"fave_featured":["1"],"fave_loggedintoview":["0"],"fave_property_images":["38692","38695","38689","38680","38698","38686","38683","38704","38677","38674","38701","38671"],"fave_agent_display_option":["agent_info"],"fave_agents":["4266"],"fave_prop_homeslider":["no"],"fave_single_top_area":["global"],"fave_single_content_area":["global"],"houzez_manual_expire":["0"],"_houzez_expiration_date_status":["saved"],"_wpml_media_duplicate":["1"],"_wpml_media_featured":["1"],"_yoast_wpseo_primary_property_type":["14"],"_yoast_wpseo_primary_property_status":["34"],"_yoast_wpseo_primary_property_feature":["118"],"_yoast_wpseo_primary_property_label":["561"],"_yoast_wpseo_primary_property_city":["140"],"_yoast_wpseo_content_score":["90"],"_yoast_wpseo_estimated-reading-time-minutes":["2"],"houzez_total_property_views":["884"],"houzez_views_by_date":["a:61:{s:10:\"12-01-2025\";i:1;s:10:\"12-02-2025\";i:1;s:10:\"12-07-2025\";i:1;s:10:\"12-09-2025\";i:2;s:10:\"12-10-2025\";i:1;s:10:\"12-13-2025\";i:3;s:10:\"12-14-2025\";i:2;s:10:\"12-15-2025\";i:3;s:10:\"12-16-2025\";i:1;s:10:\"12-18-2025\";i:1;s:10:\"12-26-2025\";i:1;s:10:\"12-28-2025\";i:1;s:10:\"12-29-2025\";i:1;s:10:\"01-01-2026\";i:1;s:10:\"01-03-2026\";i:1;s:10:\"01-05-2026\";i:1;s:10:\"01-06-2026\";i:2;s:10:\"01-07-2026\";i:1;s:10:\"01-09-2026\";i:1;s:10:\"01-14-2026\";i:3;s:10:\"01-17-2026\";i:1;s:10:\"01-18-2026\";i:1;s:10:\"01-19-2026\";i:1;s:10:\"01-20-2026\";i:1;s:10:\"01-22-2026\";i:2;s:10:\"01-26-2026\";i:1;s:10:\"01-28-2026\";i:1;s:10:\"01-30-2026\";i:1;s:10:\"01-31-2026\";i:2;s:10:\"02-01-2026\";i:1;s:10:\"02-02-2026\";i:1;s:10:\"02-05-2026\";i:1;s:10:\"02-08-2026\";i:5;s:10:\"02-13-2026\";i:1;s:10:\"02-17-2026\";i:3;s:10:\"02-20-2026\";i:2;s:10:\"02-25-2026\";i:1;s:10:\"03-03-2026\";i:1;s:10:\"03-05-2026\";i:1;s:10:\"03-08-2026\";i:1;s:10:\"03-09-2026\";i:2;s:10:\"03-10-2026\";i:3;s:10:\"03-12-2026\";i:1;s:10:\"03-17-2026\";i:1;s:10:\"03-18-2026\";i:2;s:10:\"03-20-2026\";i:1;s:10:\"03-23-2026\";i:3;s:10:\"03-26-2026\";i:1;s:10:\"03-28-2026\";i:3;s:10:\"03-29-2026\";i:1;s:10:\"03-31-2026\";i:1;s:10:\"04-02-2026\";i:1;s:10:\"04-04-2026\";i:2;s:10:\"04-07-2026\";i:2;s:10:\"04-08-2026\";i:1;s:10:\"04-10-2026\";i:2;s:10:\"04-11-2026\";i:1;s:10:\"04-15-2026\";i:3;s:10:\"04-19-2026\";i:1;s:10:\"04-25-2026\";i:1;s:10:\"04-27-2026\";i:1;}"],"houzez_recently_viewed":["2026-04-27 08:24:46"],"_wpml_media_has_media":["1"],"wp-smush-lcp-data-35b081a669e86953f2b7025e7c6d1339":["a:6:{s:8:\"selector\";s:56:\".col-md-8 > .houzez-trigger-popup-slider-js > .img-fluid\";s:14:\"selector_xpath\";s:58:\"\/html\/body\/main\/section\/div[3]\/div\/div[2]\/div\/div[1]\/a\/img\";s:11:\"selector_id\";s:0:\"\";s:14:\"selector_class\";s:9:\"img-fluid\";s:9:\"image_url\";s:80:\"https:\/\/miyakoparis.com\/wp-content\/smush-webp\/2024\/06\/logo-8-3-1170x785.jpg.webp\";s:7:\"version\";i:0;}"],"_elementor_page_assets":["a:0:{}"],"_elementor_css":["a:1:{s:4:\"time\";i:1777108266;}"]},"yoast_head":"<!-- This site is optimized with the Yoast SEO plugin v27.4 - https:\/\/yoast.com\/product\/yoast-seo-wordpress\/ -->\n<title>Appartement 75015 - MiyakoParis<\/title>\n<meta name=\"robots\" content=\"index, follow, max-snippet:-1, max-image-preview:large, max-video-preview:-1\" \/>\n<link rel=\"canonical\" href=\"https:\/\/miyakoparis.com\/en\/property\/appartement-75015-354\/\" \/>\n<meta property=\"og:locale\" content=\"en_US\" \/>\n<meta property=\"og:type\" content=\"article\" \/>\n<meta property=\"og:title\" content=\"Appartement 75015 - MiyakoParis\" \/>\n<meta property=\"og:description\" content=\"VUE DOMINANTE SEINE \/ TOUR EIFFEL \u2013 Paris XVe \u2013\u00a0Situ\u00e9 dans\u00a0la\u00a0Tour la plus pris\u00e9e,\u00a0venez d\u00e9couvrir cet\u00a0appartement de 100,56m\u00b2\u00a0Loi Carrez\u00a0avec trois balcons de 13,15m\u00b2\u00a0b\u00e9n\u00e9ficiant d\u2019une\u00a0vue dominante sur la Seine , Paris et partielle sur la Tour Eiffel. Il se compose comme suit : entr\u00e9e, vaste s\u00e9jour,\u00a01 chambre avec douche, 1 suite parentale avec sa salle de [&hellip;]\" \/>\n<meta property=\"og:url\" content=\"https:\/\/miyakoparis.com\/en\/property\/appartement-75015-354\/\" \/>\n<meta property=\"og:site_name\" content=\"MiyakoParis\" \/>\n<meta property=\"article:publisher\" content=\"https:\/\/www.facebook.com\/search\/top?q=miyakoparis\" \/>\n<meta property=\"article:modified_time\" content=\"2024-07-25T15:46:35+00:00\" \/>\n<meta property=\"og:image\" content=\"https:\/\/miyakoparis.com\/wp-content\/uploads\/2024\/06\/logo-8-3.jpg\" \/>\n\t<meta property=\"og:image:width\" content=\"2000\" \/>\n\t<meta property=\"og:image:height\" content=\"1333\" \/>\n\t<meta property=\"og:image:type\" content=\"image\/jpeg\" \/>\n<meta name=\"twitter:card\" content=\"summary_large_image\" \/>\n<meta name=\"twitter:label1\" content=\"Est. reading time\" \/>\n\t<meta name=\"twitter:data1\" content=\"2 minutes\" \/>\n<script type=\"application\/ld+json\" class=\"yoast-schema-graph\">{\"@context\":\"https:\\\/\\\/schema.org\",\"@graph\":[{\"@type\":\"WebPage\",\"@id\":\"https:\\\/\\\/miyakoparis.com\\\/en\\\/property\\\/appartement-75015-354\\\/\",\"url\":\"https:\\\/\\\/miyakoparis.com\\\/en\\\/property\\\/appartement-75015-354\\\/\",\"name\":\"Appartement 75015 - MiyakoParis\",\"isPartOf\":{\"@id\":\"https:\\\/\\\/miyakoparis.com\\\/en\\\/#website\"},\"primaryImageOfPage\":{\"@id\":\"https:\\\/\\\/miyakoparis.com\\\/en\\\/property\\\/appartement-75015-354\\\/#primaryimage\"},\"image\":{\"@id\":\"https:\\\/\\\/miyakoparis.com\\\/en\\\/property\\\/appartement-75015-354\\\/#primaryimage\"},\"thumbnailUrl\":\"https:\\\/\\\/miyakoparis.com\\\/wp-content\\\/uploads\\\/2024\\\/06\\\/logo-8-3.jpg\",\"datePublished\":\"2024-07-13T16:48:57+00:00\",\"dateModified\":\"2024-07-25T15:46:35+00:00\",\"breadcrumb\":{\"@id\":\"https:\\\/\\\/miyakoparis.com\\\/en\\\/property\\\/appartement-75015-354\\\/#breadcrumb\"},\"inLanguage\":\"en-US\",\"potentialAction\":[{\"@type\":\"ReadAction\",\"target\":[\"https:\\\/\\\/miyakoparis.com\\\/en\\\/property\\\/appartement-75015-354\\\/\"]}]},{\"@type\":\"ImageObject\",\"inLanguage\":\"en-US\",\"@id\":\"https:\\\/\\\/miyakoparis.com\\\/en\\\/property\\\/appartement-75015-354\\\/#primaryimage\",\"url\":\"https:\\\/\\\/miyakoparis.com\\\/wp-content\\\/uploads\\\/2024\\\/06\\\/logo-8-3.jpg\",\"contentUrl\":\"https:\\\/\\\/miyakoparis.com\\\/wp-content\\\/uploads\\\/2024\\\/06\\\/logo-8-3.jpg\",\"width\":2000,\"height\":1333},{\"@type\":\"BreadcrumbList\",\"@id\":\"https:\\\/\\\/miyakoparis.com\\\/en\\\/property\\\/appartement-75015-354\\\/#breadcrumb\",\"itemListElement\":[{\"@type\":\"ListItem\",\"position\":1,\"name\":\"Accueil\",\"item\":\"https:\\\/\\\/miyakoparis.com\\\/en\\\/\"},{\"@type\":\"ListItem\",\"position\":2,\"name\":\"Properties\",\"item\":\"https:\\\/\\\/miyakoparis.com\\\/en\\\/property\\\/\"},{\"@type\":\"ListItem\",\"position\":3,\"name\":\"Appartement 75015\"}]},{\"@type\":\"WebSite\",\"@id\":\"https:\\\/\\\/miyakoparis.com\\\/en\\\/#website\",\"url\":\"https:\\\/\\\/miyakoparis.com\\\/en\\\/\",\"name\":\"MiyakoParis\",\"description\":\"MiyakoParis - Agence immobili\u00e8re internationale - Paris\",\"publisher\":{\"@id\":\"https:\\\/\\\/miyakoparis.com\\\/en\\\/#organization\"},\"potentialAction\":[{\"@type\":\"SearchAction\",\"target\":{\"@type\":\"EntryPoint\",\"urlTemplate\":\"https:\\\/\\\/miyakoparis.com\\\/en\\\/?s={search_term_string}\"},\"query-input\":{\"@type\":\"PropertyValueSpecification\",\"valueRequired\":true,\"valueName\":\"search_term_string\"}}],\"inLanguage\":\"en-US\"},{\"@type\":\"Organization\",\"@id\":\"https:\\\/\\\/miyakoparis.com\\\/en\\\/#organization\",\"name\":\"MiyakoParis\",\"url\":\"https:\\\/\\\/miyakoparis.com\\\/en\\\/\",\"logo\":{\"@type\":\"ImageObject\",\"inLanguage\":\"en-US\",\"@id\":\"https:\\\/\\\/miyakoparis.com\\\/en\\\/#\\\/schema\\\/logo\\\/image\\\/\",\"url\":\"https:\\\/\\\/vibrant-williamson.146-59-155-173.plesk.page\\\/wp-content\\\/uploads\\\/2017\\\/05\\\/logo-miyako.png\",\"contentUrl\":\"https:\\\/\\\/vibrant-williamson.146-59-155-173.plesk.page\\\/wp-content\\\/uploads\\\/2017\\\/05\\\/logo-miyako.png\",\"width\":395,\"height\":79,\"caption\":\"MiyakoParis\"},\"image\":{\"@id\":\"https:\\\/\\\/miyakoparis.com\\\/en\\\/#\\\/schema\\\/logo\\\/image\\\/\"},\"sameAs\":[\"https:\\\/\\\/www.facebook.com\\\/search\\\/top?q=miyakoparis\",\"https:\\\/\\\/www.instagram.com\\\/miyako_paris\\\/?hl=fr\"]}]}<\/script>\n<!-- \/ Yoast SEO plugin. -->","yoast_head_json":{"title":"Appartement 75015 - MiyakoParis","robots":{"index":"index","follow":"follow","max-snippet":"max-snippet:-1","max-image-preview":"max-image-preview:large","max-video-preview":"max-video-preview:-1"},"canonical":"https:\/\/miyakoparis.com\/en\/property\/appartement-75015-354\/","og_locale":"en_US","og_type":"article","og_title":"Appartement 75015 - MiyakoParis","og_description":"VUE DOMINANTE SEINE \/ TOUR EIFFEL \u2013 Paris XVe \u2013\u00a0Situ\u00e9 dans\u00a0la\u00a0Tour la plus pris\u00e9e,\u00a0venez d\u00e9couvrir cet\u00a0appartement de 100,56m\u00b2\u00a0Loi Carrez\u00a0avec trois balcons de 13,15m\u00b2\u00a0b\u00e9n\u00e9ficiant d\u2019une\u00a0vue dominante sur la Seine , Paris et partielle sur la Tour Eiffel. Il se compose comme suit : entr\u00e9e, vaste s\u00e9jour,\u00a01 chambre avec douche, 1 suite parentale avec sa salle de [&hellip;]","og_url":"https:\/\/miyakoparis.com\/en\/property\/appartement-75015-354\/","og_site_name":"MiyakoParis","article_publisher":"https:\/\/www.facebook.com\/search\/top?q=miyakoparis","article_modified_time":"2024-07-25T15:46:35+00:00","og_image":[{"width":2000,"height":1333,"url":"https:\/\/miyakoparis.com\/wp-content\/uploads\/2024\/06\/logo-8-3.jpg","type":"image\/jpeg"}],"twitter_card":"summary_large_image","twitter_misc":{"Est. reading time":"2 minutes"},"schema":{"@context":"https:\/\/schema.org","@graph":[{"@type":"WebPage","@id":"https:\/\/miyakoparis.com\/en\/property\/appartement-75015-354\/","url":"https:\/\/miyakoparis.com\/en\/property\/appartement-75015-354\/","name":"Appartement 75015 - MiyakoParis","isPartOf":{"@id":"https:\/\/miyakoparis.com\/en\/#website"},"primaryImageOfPage":{"@id":"https:\/\/miyakoparis.com\/en\/property\/appartement-75015-354\/#primaryimage"},"image":{"@id":"https:\/\/miyakoparis.com\/en\/property\/appartement-75015-354\/#primaryimage"},"thumbnailUrl":"https:\/\/miyakoparis.com\/wp-content\/uploads\/2024\/06\/logo-8-3.jpg","datePublished":"2024-07-13T16:48:57+00:00","dateModified":"2024-07-25T15:46:35+00:00","breadcrumb":{"@id":"https:\/\/miyakoparis.com\/en\/property\/appartement-75015-354\/#breadcrumb"},"inLanguage":"en-US","potentialAction":[{"@type":"ReadAction","target":["https:\/\/miyakoparis.com\/en\/property\/appartement-75015-354\/"]}]},{"@type":"ImageObject","inLanguage":"en-US","@id":"https:\/\/miyakoparis.com\/en\/property\/appartement-75015-354\/#primaryimage","url":"https:\/\/miyakoparis.com\/wp-content\/uploads\/2024\/06\/logo-8-3.jpg","contentUrl":"https:\/\/miyakoparis.com\/wp-content\/uploads\/2024\/06\/logo-8-3.jpg","width":2000,"height":1333},{"@type":"BreadcrumbList","@id":"https:\/\/miyakoparis.com\/en\/property\/appartement-75015-354\/#breadcrumb","itemListElement":[{"@type":"ListItem","position":1,"name":"Accueil","item":"https:\/\/miyakoparis.com\/en\/"},{"@type":"ListItem","position":2,"name":"Properties","item":"https:\/\/miyakoparis.com\/en\/property\/"},{"@type":"ListItem","position":3,"name":"Appartement 75015"}]},{"@type":"WebSite","@id":"https:\/\/miyakoparis.com\/en\/#website","url":"https:\/\/miyakoparis.com\/en\/","name":"MiyakoParis","description":"MiyakoParis - Agence immobili\u00e8re internationale - Paris","publisher":{"@id":"https:\/\/miyakoparis.com\/en\/#organization"},"potentialAction":[{"@type":"SearchAction","target":{"@type":"EntryPoint","urlTemplate":"https:\/\/miyakoparis.com\/en\/?s={search_term_string}"},"query-input":{"@type":"PropertyValueSpecification","valueRequired":true,"valueName":"search_term_string"}}],"inLanguage":"en-US"},{"@type":"Organization","@id":"https:\/\/miyakoparis.com\/en\/#organization","name":"MiyakoParis","url":"https:\/\/miyakoparis.com\/en\/","logo":{"@type":"ImageObject","inLanguage":"en-US","@id":"https:\/\/miyakoparis.com\/en\/#\/schema\/logo\/image\/","url":"https:\/\/vibrant-williamson.146-59-155-173.plesk.page\/wp-content\/uploads\/2017\/05\/logo-miyako.png","contentUrl":"https:\/\/vibrant-williamson.146-59-155-173.plesk.page\/wp-content\/uploads\/2017\/05\/logo-miyako.png","width":395,"height":79,"caption":"MiyakoParis"},"image":{"@id":"https:\/\/miyakoparis.com\/en\/#\/schema\/logo\/image\/"},"sameAs":["https:\/\/www.facebook.com\/search\/top?q=miyakoparis","https:\/\/www.instagram.com\/miyako_paris\/?hl=fr"]}]}},"_links":{"self":[{"href":"https:\/\/miyakoparis.com\/en\/wp-json\/wp\/v2\/properties\/38708","targetHints":{"allow":["GET"]}}],"collection":[{"href":"https:\/\/miyakoparis.com\/en\/wp-json\/wp\/v2\/properties"}],"about":[{"href":"https:\/\/miyakoparis.com\/en\/wp-json\/wp\/v2\/types\/property"}],"author":[{"embeddable":true,"href":"https:\/\/miyakoparis.com\/en\/wp-json\/wp\/v2\/users\/2"}],"version-history":[{"count":1,"href":"https:\/\/miyakoparis.com\/en\/wp-json\/wp\/v2\/properties\/38708\/revisions"}],"predecessor-version":[{"id":39283,"href":"https:\/\/miyakoparis.com\/en\/wp-json\/wp\/v2\/properties\/38708\/revisions\/39283"}],"wp:featuredmedia":[{"embeddable":true,"href":"https:\/\/miyakoparis.com\/en\/wp-json\/wp\/v2\/media\/38693"}],"wp:attachment":[{"href":"https:\/\/miyakoparis.com\/en\/wp-json\/wp\/v2\/media?parent=38708"}],"wp:term":[{"taxonomy":"property_type","embeddable":true,"href":"https:\/\/miyakoparis.com\/en\/wp-json\/wp\/v2\/property_type?post=38708"},{"taxonomy":"property_status","embeddable":true,"href":"https:\/\/miyakoparis.com\/en\/wp-json\/wp\/v2\/property_status?post=38708"},{"taxonomy":"property_feature","embeddable":true,"href":"https:\/\/miyakoparis.com\/en\/wp-json\/wp\/v2\/property_feature?post=38708"},{"taxonomy":"property_label","embeddable":true,"href":"https:\/\/miyakoparis.com\/en\/wp-json\/wp\/v2\/property_label?post=38708"},{"taxonomy":"property_city","embeddable":true,"href":"https:\/\/miyakoparis.com\/en\/wp-json\/wp\/v2\/property_city?post=38708"}],"curies":[{"name":"wp","href":"https:\/\/api.w.org\/{rel}","templated":true}]}}