{"id":44686,"date":"2025-11-01T20:20:27","date_gmt":"2025-11-01T19:20:27","guid":{"rendered":"https:\/\/miyakoparis.com\/property\/appartement-75015-408\/"},"modified":"2026-01-30T22:27:32","modified_gmt":"2026-01-30T21:27:32","slug":"appartement-75015-408","status":"publish","type":"property","link":"https:\/\/miyakoparis.com\/en\/property\/appartement-75015-408\/","title":{"rendered":"Appartement 75015"},"content":{"rendered":"<div class=\"block-content-wrap\">\n<div dir=\"ltr\">\n<div id=\"m_9050338244662362016m_-5955645996464815815gmail-:19z\">\n<div>\n<p style=\"text-align: center;\" data-start=\"142\" data-end=\"187\"><strong data-start=\"142\" data-end=\"185\">VUE TOUR EIFFEL &amp; MONUMENTS | Paris XVe | <\/strong>Venez d\u00e9couvrir cet <strong>appartement d\u2019exception de 125m\u00b2<\/strong>, enti\u00e8rement refait \u00e0 neuf, offrant une <strong data-start=\"273\" data-end=\"320\">vue imprenable et unique sur la Tour Eiffel<\/strong> ainsi que sur de prestigieux monuments parisiens : <strong data-start=\"372\" data-end=\"439\">Sacr\u00e9-C\u0153ur, Invalides, Panth\u00e9on, Cath\u00e9drale Notre-Dame de Paris<\/strong>.<\/p>\n<p style=\"text-align: center;\" data-start=\"444\" data-end=\"472\">Il se compose comme suit : entr\u00e9e \u00e9l\u00e9gante, s\u00e9jour et une salle \u00e0 manger avec <strong data-start=\"536\" data-end=\"570\">vue directe sur la Tour Eiffel<\/strong>, cuisine am\u00e9ricaine enti\u00e8rement \u00e9quip\u00e9e, <strong>baign\u00e9e de lumi\u00e8re naturelle<\/strong>, deux chambres avec leurs salles de douche, WC, et rangements int\u00e9gr\u00e9s, une troisi\u00e8me chambre avec placards, WC s\u00e9par\u00e9s<\/p>\n<p style=\"text-align: center;\" data-start=\"807\" data-end=\"1066\">Toutes les prestations ont \u00e9t\u00e9 r\u00e9alis\u00e9es avec des <strong data-start=\"857\" data-end=\"884\">mat\u00e9riaux haut de gamme<\/strong>, alliant confort et modernit\u00e9.<br data-start=\"915\" data-end=\"918\" \/><strong data-start=\"918\" data-end=\"942\">Rare sur le march\u00e9 :<\/strong> l\u2019int\u00e9gralit\u00e9 des pi\u00e8ces est bord\u00e9e de larges baies vitr\u00e9es offrant une<strong> luminosit\u00e9 exceptionnelle et une vue panoramique.<\/strong><\/p>\n<p style=\"text-align: center;\">Deux espaces ext\u00e9rieurs viennent sublimer ce bien d\u2019exception :<br \/>\n<strong><span class=\"ILfuVd\" lang=\"fr\"><span class=\"hgKElc\"> \u00b7<\/span><\/span><\/strong> c\u00f4t\u00e9 pi\u00e8ces de vie, une terrasse avec <strong data-start=\"1174\" data-end=\"1212\">vue majestueuse sur la Tour Eiffel <span class=\"ILfuVd\" lang=\"fr\"><span class=\"hgKElc\"><br \/>\n\u00b7<\/span><\/span> <\/strong>c\u00f4t\u00e9 nuit, un ext\u00e9rieur offrant une <strong data-start=\"1253\" data-end=\"1283\">vue d\u00e9gag\u00e9e sur tout Paris.<\/strong><\/p>\n<p style=\"text-align: center;\" data-start=\"1287\" data-end=\"1354\">Id\u00e9alement situ\u00e9, \u00e0 deux pas du Champ-de-Mars.<\/p>\n<\/div>\n<\/div>\n<div>\n<div id=\"m_9050338244662362016m_-5955645996464815815gmail-:19x\">\n<div id=\"m_9050338244662362016m_-5955645996464815815gmail-:19y\">\n<div dir=\"ltr\">\n<p style=\"text-align: center;\">Le chauffage est mixte. (collectif et individuel)<\/p>\n<p style=\"text-align: center;\"><strong>Services :\u00a0<\/strong>Interphone. Ascenseur. Gardien. Interphone. 1 Cave. Climatisation. <strong>Teaser en production.<\/strong><\/p>\n<p style=\"text-align: center;\"><strong>Proximit\u00e9 :\u00a0<\/strong>Bir Hakeim (Ligne 6) \/ \u00c9cole Militaire (Ligne 8)<\/p>\n<p style=\"text-align: center;\"><strong>D\u00e9tail Loyer :\u00a0<\/strong>12 500\u20ac \/ mois CC dont provisions sur charges avec r\u00e9gularisation annuelle : 520\u20ac<br \/>\nD\u00e9p\u00f4t de garantie : 25 000 \u20ac<br \/>\nDPE : En cours<\/p>\n<p style=\"text-align: center;\">Honoraires charge locataire (uniquement code civil)<br \/>\n1. Bail code civil\u00a0 (Bail soci\u00e9t\u00e9 ou r\u00e9sidence secondaire du locataire)<\/p>\n<p style=\"text-align: center;\">Locataire : 12% du loyer annuel hors charges + TVA (20%)<\/p>\n<p style=\"text-align: center;\">Les informations sur les risques auxquels ce bien est expos\u00e9 sont disponibles sur le site G\u00e9orisques\u00a0<a href=\"https:\/\/www.georisques.gouv.fr\/\" target=\"_blank\" rel=\"noreferrer noopener\">https:\/\/www.georisques.gouv.fr<\/a><\/p>\n<\/div>\n<\/div>\n<\/div>\n<\/div>\n<\/div>\n<\/div>\n","protected":false},"excerpt":{"rendered":"<p>VUE TOUR EIFFEL &amp; MONUMENTS | Paris XVe | Venez d\u00e9couvrir cet appartement d\u2019exception de 125m\u00b2, enti\u00e8rement refait \u00e0 neuf, offrant une vue imprenable et unique sur la Tour Eiffel ainsi que sur de prestigieux monuments parisiens : Sacr\u00e9-C\u0153ur, Invalides, Panth\u00e9on, Cath\u00e9drale Notre-Dame de Paris. Il se compose comme suit : entr\u00e9e \u00e9l\u00e9gante, s\u00e9jour et [&hellip;]<\/p>\n","protected":false},"author":2,"featured_media":44652,"parent":0,"menu_order":0,"template":"","property_type":[225],"property_status":[231],"property_feature":[374,247,261,239,402,393,284,392,238,269,242,287,273],"property_label":[528,602],"property_city":[218],"class_list":["post-44686","property","type-property","status-publish","has-post-thumbnail","hentry","property_type-apartment","property_status-to-rent","property_feature-air-conditioning-en","property_feature-american-kitchen","property_feature-bathroom-2","property_feature-cellar","property_feature-elevator","property_feature-furniture","property_feature-heating-type-collective","property_feature-in-a-perfect-state","property_feature-quiet","property_feature-reception-24h-24h-en","property_feature-room-3","property_feature-usage-residential","property_feature-view-eiffel-tower-paris","property_label-available","property_label-favorite-en","property_city-paris-15e-en"],"property_meta":{"houzez_featured_listing_date":["2025-08-18 20:20:53"],"tp_widgets":["a:2:{s:7:\"widgets\";a:1:{i:0;s:14:\"tp-mobile-menu\";}s:9:\"update_at\";s:10:\"1776975949\";}"],"_icl_lang_duplicate_of":["44638"],"_thumbnail_id":["44652"],"_wpml_word_count":["311"],"houzez_total_property_views":["1517"],"fave_property_price":["12500"],"fave_show_price_placeholder":["0"],"fave_property_size":["125"],"fave_property_bedrooms":["3"],"fave_property_rooms":["5"],"fave_property_bathrooms":["2"],"fave_property_map":["1"],"fave_property_location":["25.68654,-80.431345,15"],"houzez_geolocation_lat":["25.68654"],"houzez_geolocation_long":["-80.431345"],"fave_property_map_street_view":["hide"],"fave_featured":["1"],"fave_loggedintoview":["0"],"fave_property_images":["44651","44675","44654","44663","44657","44666","44660","44639","44642","44672","44648","44669","44645"],"fave_agent_display_option":["agent_info"],"fave_agents":["4266"],"fave_prop_homeslider":["no"],"fave_single_top_area":["global"],"fave_single_content_area":["global"],"houzez_manual_expire":["0"],"_houzez_expiration_date_status":["saved"],"_wpml_media_duplicate":["1"],"_wpml_media_featured":["1"],"_yoast_wpseo_primary_property_type":["14"],"_yoast_wpseo_primary_property_status":["34"],"_yoast_wpseo_primary_property_feature":["401"],"_yoast_wpseo_primary_property_label":["600"],"_yoast_wpseo_primary_property_city":["140"],"_yoast_wpseo_content_score":["60"],"_yoast_wpseo_estimated-reading-time-minutes":["2"],"houzez_views_by_date":["a:61:{s:10:\"01-27-2026\";i:3;s:10:\"01-28-2026\";i:6;s:10:\"01-29-2026\";i:2;s:10:\"01-30-2026\";i:5;s:10:\"02-01-2026\";i:1;s:10:\"02-02-2026\";i:2;s:10:\"02-03-2026\";i:3;s:10:\"02-04-2026\";i:1;s:10:\"02-06-2026\";i:2;s:10:\"02-08-2026\";i:7;s:10:\"02-09-2026\";i:1;s:10:\"02-12-2026\";i:3;s:10:\"02-13-2026\";i:1;s:10:\"02-15-2026\";i:1;s:10:\"02-16-2026\";i:2;s:10:\"02-17-2026\";i:2;s:10:\"02-20-2026\";i:1;s:10:\"02-22-2026\";i:1;s:10:\"02-23-2026\";i:1;s:10:\"02-24-2026\";i:1;s:10:\"02-25-2026\";i:2;s:10:\"02-26-2026\";i:1;s:10:\"02-27-2026\";i:1;s:10:\"02-28-2026\";i:1;s:10:\"03-01-2026\";i:1;s:10:\"03-03-2026\";i:1;s:10:\"03-05-2026\";i:2;s:10:\"03-08-2026\";i:1;s:10:\"03-09-2026\";i:2;s:10:\"03-11-2026\";i:1;s:10:\"03-12-2026\";i:3;s:10:\"03-13-2026\";i:1;s:10:\"03-14-2026\";i:1;s:10:\"03-16-2026\";i:1;s:10:\"03-17-2026\";i:1;s:10:\"03-18-2026\";i:2;s:10:\"03-19-2026\";i:1;s:10:\"03-20-2026\";i:1;s:10:\"03-23-2026\";i:1;s:10:\"03-24-2026\";i:1;s:10:\"03-25-2026\";i:2;s:10:\"03-26-2026\";i:2;s:10:\"03-27-2026\";i:1;s:10:\"03-28-2026\";i:2;s:10:\"03-29-2026\";i:2;s:10:\"04-04-2026\";i:1;s:10:\"04-05-2026\";i:4;s:10:\"04-06-2026\";i:1;s:10:\"04-07-2026\";i:1;s:10:\"04-08-2026\";i:2;s:10:\"04-10-2026\";i:1;s:10:\"04-11-2026\";i:1;s:10:\"04-15-2026\";i:3;s:10:\"04-16-2026\";i:1;s:10:\"04-18-2026\";i:1;s:10:\"04-19-2026\";i:1;s:10:\"04-22-2026\";i:2;s:10:\"04-23-2026\";i:1;s:10:\"04-24-2026\";i:1;s:10:\"04-25-2026\";i:1;s:10:\"04-26-2026\";i:1;}"],"houzez_recently_viewed":["2026-04-26 07:13:46"],"_wpml_media_has_media":["1"],"wp-smush-lcp-data-89d5ebb4f9e915178347775f2091f503":["a:6:{s:8:\"selector\";s:56:\".col-md-8 > .houzez-trigger-popup-slider-js > .img-fluid\";s:14:\"selector_xpath\";s:58:\"\/html\/body\/main\/section\/div[3]\/div\/div[2]\/div\/div[1]\/a\/img\";s:11:\"selector_id\";s:0:\"\";s:14:\"selector_class\";s:9:\"img-fluid\";s:9:\"image_url\";s:78:\"https:\/\/miyakoparis.com\/wp-content\/smush-webp\/2025\/08\/logo-7-1170x785.jpg.webp\";s:7:\"version\";i:0;}"],"_elementor_page_assets":["a:0:{}"],"_elementor_css":["a:1:{s:4:\"time\";i:1777066223;}"]},"yoast_head":"<!-- This site is optimized with the Yoast SEO plugin v27.4 - https:\/\/yoast.com\/product\/yoast-seo-wordpress\/ -->\n<title>Appartement 75015 - MiyakoParis<\/title>\n<meta name=\"robots\" content=\"index, follow, max-snippet:-1, max-image-preview:large, max-video-preview:-1\" \/>\n<link rel=\"canonical\" href=\"https:\/\/miyakoparis.com\/en\/property\/appartement-75015-408\/\" \/>\n<meta property=\"og:locale\" content=\"en_US\" \/>\n<meta property=\"og:type\" content=\"article\" \/>\n<meta property=\"og:title\" content=\"Appartement 75015 - MiyakoParis\" \/>\n<meta property=\"og:description\" content=\"VUE TOUR EIFFEL &amp; MONUMENTS | Paris XVe | Venez d\u00e9couvrir cet appartement d\u2019exception de 125m\u00b2, enti\u00e8rement refait \u00e0 neuf, offrant une vue imprenable et unique sur la Tour Eiffel ainsi que sur de prestigieux monuments parisiens : Sacr\u00e9-C\u0153ur, Invalides, Panth\u00e9on, Cath\u00e9drale Notre-Dame de Paris. Il se compose comme suit : entr\u00e9e \u00e9l\u00e9gante, s\u00e9jour et [&hellip;]\" \/>\n<meta property=\"og:url\" content=\"https:\/\/miyakoparis.com\/en\/property\/appartement-75015-408\/\" \/>\n<meta property=\"og:site_name\" content=\"MiyakoParis\" \/>\n<meta property=\"article:publisher\" content=\"https:\/\/www.facebook.com\/search\/top?q=miyakoparis\" \/>\n<meta property=\"article:modified_time\" content=\"2026-01-30T21:27:32+00:00\" \/>\n<meta property=\"og:image\" content=\"https:\/\/miyakoparis.com\/wp-content\/uploads\/2025\/08\/logo-7.jpg\" \/>\n\t<meta property=\"og:image:width\" content=\"2000\" \/>\n\t<meta property=\"og:image:height\" content=\"1333\" \/>\n\t<meta property=\"og:image:type\" content=\"image\/jpeg\" \/>\n<meta name=\"twitter:card\" content=\"summary_large_image\" \/>\n<meta name=\"twitter:label1\" content=\"Est. reading time\" \/>\n\t<meta name=\"twitter:data1\" content=\"2 minutes\" \/>\n<script type=\"application\/ld+json\" class=\"yoast-schema-graph\">{\"@context\":\"https:\\\/\\\/schema.org\",\"@graph\":[{\"@type\":\"WebPage\",\"@id\":\"https:\\\/\\\/miyakoparis.com\\\/en\\\/property\\\/appartement-75015-408\\\/\",\"url\":\"https:\\\/\\\/miyakoparis.com\\\/en\\\/property\\\/appartement-75015-408\\\/\",\"name\":\"Appartement 75015 - MiyakoParis\",\"isPartOf\":{\"@id\":\"https:\\\/\\\/miyakoparis.com\\\/en\\\/#website\"},\"primaryImageOfPage\":{\"@id\":\"https:\\\/\\\/miyakoparis.com\\\/en\\\/property\\\/appartement-75015-408\\\/#primaryimage\"},\"image\":{\"@id\":\"https:\\\/\\\/miyakoparis.com\\\/en\\\/property\\\/appartement-75015-408\\\/#primaryimage\"},\"thumbnailUrl\":\"https:\\\/\\\/miyakoparis.com\\\/wp-content\\\/uploads\\\/2025\\\/08\\\/logo-7.jpg\",\"datePublished\":\"2025-11-01T19:20:27+00:00\",\"dateModified\":\"2026-01-30T21:27:32+00:00\",\"breadcrumb\":{\"@id\":\"https:\\\/\\\/miyakoparis.com\\\/en\\\/property\\\/appartement-75015-408\\\/#breadcrumb\"},\"inLanguage\":\"en-US\",\"potentialAction\":[{\"@type\":\"ReadAction\",\"target\":[\"https:\\\/\\\/miyakoparis.com\\\/en\\\/property\\\/appartement-75015-408\\\/\"]}]},{\"@type\":\"ImageObject\",\"inLanguage\":\"en-US\",\"@id\":\"https:\\\/\\\/miyakoparis.com\\\/en\\\/property\\\/appartement-75015-408\\\/#primaryimage\",\"url\":\"https:\\\/\\\/miyakoparis.com\\\/wp-content\\\/uploads\\\/2025\\\/08\\\/logo-7.jpg\",\"contentUrl\":\"https:\\\/\\\/miyakoparis.com\\\/wp-content\\\/uploads\\\/2025\\\/08\\\/logo-7.jpg\",\"width\":2000,\"height\":1333},{\"@type\":\"BreadcrumbList\",\"@id\":\"https:\\\/\\\/miyakoparis.com\\\/en\\\/property\\\/appartement-75015-408\\\/#breadcrumb\",\"itemListElement\":[{\"@type\":\"ListItem\",\"position\":1,\"name\":\"Accueil\",\"item\":\"https:\\\/\\\/miyakoparis.com\\\/en\\\/\"},{\"@type\":\"ListItem\",\"position\":2,\"name\":\"Properties\",\"item\":\"https:\\\/\\\/miyakoparis.com\\\/en\\\/property\\\/\"},{\"@type\":\"ListItem\",\"position\":3,\"name\":\"Appartement 75015\"}]},{\"@type\":\"WebSite\",\"@id\":\"https:\\\/\\\/miyakoparis.com\\\/en\\\/#website\",\"url\":\"https:\\\/\\\/miyakoparis.com\\\/en\\\/\",\"name\":\"MiyakoParis\",\"description\":\"MiyakoParis - Agence immobili\u00e8re internationale - Paris\",\"publisher\":{\"@id\":\"https:\\\/\\\/miyakoparis.com\\\/en\\\/#organization\"},\"potentialAction\":[{\"@type\":\"SearchAction\",\"target\":{\"@type\":\"EntryPoint\",\"urlTemplate\":\"https:\\\/\\\/miyakoparis.com\\\/en\\\/?s={search_term_string}\"},\"query-input\":{\"@type\":\"PropertyValueSpecification\",\"valueRequired\":true,\"valueName\":\"search_term_string\"}}],\"inLanguage\":\"en-US\"},{\"@type\":\"Organization\",\"@id\":\"https:\\\/\\\/miyakoparis.com\\\/en\\\/#organization\",\"name\":\"MiyakoParis\",\"url\":\"https:\\\/\\\/miyakoparis.com\\\/en\\\/\",\"logo\":{\"@type\":\"ImageObject\",\"inLanguage\":\"en-US\",\"@id\":\"https:\\\/\\\/miyakoparis.com\\\/en\\\/#\\\/schema\\\/logo\\\/image\\\/\",\"url\":\"https:\\\/\\\/vibrant-williamson.146-59-155-173.plesk.page\\\/wp-content\\\/uploads\\\/2017\\\/05\\\/logo-miyako.png\",\"contentUrl\":\"https:\\\/\\\/vibrant-williamson.146-59-155-173.plesk.page\\\/wp-content\\\/uploads\\\/2017\\\/05\\\/logo-miyako.png\",\"width\":395,\"height\":79,\"caption\":\"MiyakoParis\"},\"image\":{\"@id\":\"https:\\\/\\\/miyakoparis.com\\\/en\\\/#\\\/schema\\\/logo\\\/image\\\/\"},\"sameAs\":[\"https:\\\/\\\/www.facebook.com\\\/search\\\/top?q=miyakoparis\",\"https:\\\/\\\/www.instagram.com\\\/miyako_paris\\\/?hl=fr\"]}]}<\/script>\n<!-- \/ Yoast SEO plugin. -->","yoast_head_json":{"title":"Appartement 75015 - MiyakoParis","robots":{"index":"index","follow":"follow","max-snippet":"max-snippet:-1","max-image-preview":"max-image-preview:large","max-video-preview":"max-video-preview:-1"},"canonical":"https:\/\/miyakoparis.com\/en\/property\/appartement-75015-408\/","og_locale":"en_US","og_type":"article","og_title":"Appartement 75015 - MiyakoParis","og_description":"VUE TOUR EIFFEL &amp; MONUMENTS | Paris XVe | Venez d\u00e9couvrir cet appartement d\u2019exception de 125m\u00b2, enti\u00e8rement refait \u00e0 neuf, offrant une vue imprenable et unique sur la Tour Eiffel ainsi que sur de prestigieux monuments parisiens : Sacr\u00e9-C\u0153ur, Invalides, Panth\u00e9on, Cath\u00e9drale Notre-Dame de Paris. Il se compose comme suit : entr\u00e9e \u00e9l\u00e9gante, s\u00e9jour et [&hellip;]","og_url":"https:\/\/miyakoparis.com\/en\/property\/appartement-75015-408\/","og_site_name":"MiyakoParis","article_publisher":"https:\/\/www.facebook.com\/search\/top?q=miyakoparis","article_modified_time":"2026-01-30T21:27:32+00:00","og_image":[{"width":2000,"height":1333,"url":"https:\/\/miyakoparis.com\/wp-content\/uploads\/2025\/08\/logo-7.jpg","type":"image\/jpeg"}],"twitter_card":"summary_large_image","twitter_misc":{"Est. reading time":"2 minutes"},"schema":{"@context":"https:\/\/schema.org","@graph":[{"@type":"WebPage","@id":"https:\/\/miyakoparis.com\/en\/property\/appartement-75015-408\/","url":"https:\/\/miyakoparis.com\/en\/property\/appartement-75015-408\/","name":"Appartement 75015 - MiyakoParis","isPartOf":{"@id":"https:\/\/miyakoparis.com\/en\/#website"},"primaryImageOfPage":{"@id":"https:\/\/miyakoparis.com\/en\/property\/appartement-75015-408\/#primaryimage"},"image":{"@id":"https:\/\/miyakoparis.com\/en\/property\/appartement-75015-408\/#primaryimage"},"thumbnailUrl":"https:\/\/miyakoparis.com\/wp-content\/uploads\/2025\/08\/logo-7.jpg","datePublished":"2025-11-01T19:20:27+00:00","dateModified":"2026-01-30T21:27:32+00:00","breadcrumb":{"@id":"https:\/\/miyakoparis.com\/en\/property\/appartement-75015-408\/#breadcrumb"},"inLanguage":"en-US","potentialAction":[{"@type":"ReadAction","target":["https:\/\/miyakoparis.com\/en\/property\/appartement-75015-408\/"]}]},{"@type":"ImageObject","inLanguage":"en-US","@id":"https:\/\/miyakoparis.com\/en\/property\/appartement-75015-408\/#primaryimage","url":"https:\/\/miyakoparis.com\/wp-content\/uploads\/2025\/08\/logo-7.jpg","contentUrl":"https:\/\/miyakoparis.com\/wp-content\/uploads\/2025\/08\/logo-7.jpg","width":2000,"height":1333},{"@type":"BreadcrumbList","@id":"https:\/\/miyakoparis.com\/en\/property\/appartement-75015-408\/#breadcrumb","itemListElement":[{"@type":"ListItem","position":1,"name":"Accueil","item":"https:\/\/miyakoparis.com\/en\/"},{"@type":"ListItem","position":2,"name":"Properties","item":"https:\/\/miyakoparis.com\/en\/property\/"},{"@type":"ListItem","position":3,"name":"Appartement 75015"}]},{"@type":"WebSite","@id":"https:\/\/miyakoparis.com\/en\/#website","url":"https:\/\/miyakoparis.com\/en\/","name":"MiyakoParis","description":"MiyakoParis - Agence immobili\u00e8re internationale - Paris","publisher":{"@id":"https:\/\/miyakoparis.com\/en\/#organization"},"potentialAction":[{"@type":"SearchAction","target":{"@type":"EntryPoint","urlTemplate":"https:\/\/miyakoparis.com\/en\/?s={search_term_string}"},"query-input":{"@type":"PropertyValueSpecification","valueRequired":true,"valueName":"search_term_string"}}],"inLanguage":"en-US"},{"@type":"Organization","@id":"https:\/\/miyakoparis.com\/en\/#organization","name":"MiyakoParis","url":"https:\/\/miyakoparis.com\/en\/","logo":{"@type":"ImageObject","inLanguage":"en-US","@id":"https:\/\/miyakoparis.com\/en\/#\/schema\/logo\/image\/","url":"https:\/\/vibrant-williamson.146-59-155-173.plesk.page\/wp-content\/uploads\/2017\/05\/logo-miyako.png","contentUrl":"https:\/\/vibrant-williamson.146-59-155-173.plesk.page\/wp-content\/uploads\/2017\/05\/logo-miyako.png","width":395,"height":79,"caption":"MiyakoParis"},"image":{"@id":"https:\/\/miyakoparis.com\/en\/#\/schema\/logo\/image\/"},"sameAs":["https:\/\/www.facebook.com\/search\/top?q=miyakoparis","https:\/\/www.instagram.com\/miyako_paris\/?hl=fr"]}]}},"_links":{"self":[{"href":"https:\/\/miyakoparis.com\/en\/wp-json\/wp\/v2\/properties\/44686","targetHints":{"allow":["GET"]}}],"collection":[{"href":"https:\/\/miyakoparis.com\/en\/wp-json\/wp\/v2\/properties"}],"about":[{"href":"https:\/\/miyakoparis.com\/en\/wp-json\/wp\/v2\/types\/property"}],"author":[{"embeddable":true,"href":"https:\/\/miyakoparis.com\/en\/wp-json\/wp\/v2\/users\/2"}],"version-history":[{"count":2,"href":"https:\/\/miyakoparis.com\/en\/wp-json\/wp\/v2\/properties\/44686\/revisions"}],"predecessor-version":[{"id":44692,"href":"https:\/\/miyakoparis.com\/en\/wp-json\/wp\/v2\/properties\/44686\/revisions\/44692"}],"wp:featuredmedia":[{"embeddable":true,"href":"https:\/\/miyakoparis.com\/en\/wp-json\/wp\/v2\/media\/44652"}],"wp:attachment":[{"href":"https:\/\/miyakoparis.com\/en\/wp-json\/wp\/v2\/media?parent=44686"}],"wp:term":[{"taxonomy":"property_type","embeddable":true,"href":"https:\/\/miyakoparis.com\/en\/wp-json\/wp\/v2\/property_type?post=44686"},{"taxonomy":"property_status","embeddable":true,"href":"https:\/\/miyakoparis.com\/en\/wp-json\/wp\/v2\/property_status?post=44686"},{"taxonomy":"property_feature","embeddable":true,"href":"https:\/\/miyakoparis.com\/en\/wp-json\/wp\/v2\/property_feature?post=44686"},{"taxonomy":"property_label","embeddable":true,"href":"https:\/\/miyakoparis.com\/en\/wp-json\/wp\/v2\/property_label?post=44686"},{"taxonomy":"property_city","embeddable":true,"href":"https:\/\/miyakoparis.com\/en\/wp-json\/wp\/v2\/property_city?post=44686"}],"curies":[{"name":"wp","href":"https:\/\/api.w.org\/{rel}","templated":true}]}}